{"id":5694,"date":"2021-01-30T03:37:43","date_gmt":"2021-01-30T06:37:43","guid":{"rendered":"http:\/\/larealidaddelaplata.com.ar\/?page_id=5694"},"modified":"2022-09-21T16:05:57","modified_gmt":"2022-09-21T19:05:57","slug":"la-plata","status":"publish","type":"page","link":"https:\/\/larealidaddelaplata.com.ar\/index.php\/la-plata\/","title":{"rendered":"La Plata"},"content":{"rendered":"\t\t<div data-elementor-type=\"wp-page\" data-elementor-id=\"5694\" class=\"elementor elementor-5694\" data-elementor-post-type=\"page\">\n\t\t\t\t\t\t<section class=\"elementor-section elementor-top-section elementor-element elementor-element-112fc01b elementor-section-stretched elementor-section-full_width elementor-section-height-default elementor-section-height-default\" data-id=\"112fc01b\" data-element_type=\"section\" data-e-type=\"section\" data-settings=\"{&quot;stretch_section&quot;:&quot;section-stretched&quot;,&quot;background_background&quot;:&quot;classic&quot;}\">\n\t\t\t\t\t\t<div class=\"elementor-container elementor-column-gap-no\">\n\t\t\t\t\t<div class=\"elementor-column elementor-col-100 elementor-top-column elementor-element elementor-element-2cdaaab3\" data-id=\"2cdaaab3\" data-element_type=\"column\" data-e-type=\"column\">\n\t\t\t<div class=\"elementor-widget-wrap elementor-element-populated\">\n\t\t\t\t\t\t<div class=\"elementor-element elementor-element-57c1ed23 elementor-widget elementor-widget-heading\" data-id=\"57c1ed23\" data-element_type=\"widget\" data-e-type=\"widget\" data-widget_type=\"heading.default\">\n\t\t\t\t<div class=\"elementor-widget-container\">\n\t\t\t\t\t<h1 class=\"elementor-heading-title elementor-size-xxl\">LA PLATA<\/h1>\t\t\t\t<\/div>\n\t\t\t\t<\/div>\n\t\t\t\t\t<\/div>\n\t\t<\/div>\n\t\t\t\t\t<\/div>\n\t\t<\/section>\n\t\t\t\t<section class=\"elementor-section elementor-top-section elementor-element elementor-element-9613fb6 elementor-section-stretched elementor-section-boxed elementor-section-height-default elementor-section-height-default\" data-id=\"9613fb6\" data-element_type=\"section\" data-e-type=\"section\" data-settings=\"{&quot;stretch_section&quot;:&quot;section-stretched&quot;}\">\n\t\t\t\t\t\t<div class=\"elementor-container elementor-column-gap-default\">\n\t\t\t\t\t<div class=\"elementor-column elementor-col-100 elementor-top-column elementor-element elementor-element-33671d1b\" data-id=\"33671d1b\" data-element_type=\"column\" data-e-type=\"column\">\n\t\t\t<div class=\"elementor-widget-wrap elementor-element-populated\">\n\t\t\t\t\t\t<div class=\"elementor-element elementor-element-664fd91 elementor-widget elementor-widget-html\" data-id=\"664fd91\" data-element_type=\"widget\" data-e-type=\"widget\" data-widget_type=\"html.default\">\n\t\t\t\t<div class=\"elementor-widget-container\">\n\t\t\t\t\t<center><div class=\"a-single a-4\"><a href=\"https:\/\/www.bancoprovincia.com.ar\/Noticias\/MasNoticias\/cuenta-dni-subio-la-tasa-de-plazo-fijo-al-48-anual-1855\"><img decoding=\"async\" src=\"https:\/\/larealidaddelaplata.com.ar\/wp-content\/uploads\/2025\/08\/BP_PF_300x250_1px.gif\" \/><\/a><\/div><\/center>\t\t\t\t<\/div>\n\t\t\t\t<\/div>\n\t\t\t\t<div class=\"elementor-element elementor-element-35b10d46 elementor-grid-3 elementor-grid-tablet-2 elementor-grid-mobile-1 elementor-posts--thumbnail-top elementor-widget elementor-widget-posts\" data-id=\"35b10d46\" data-element_type=\"widget\" data-e-type=\"widget\" data-settings=\"{&quot;pagination_type&quot;:&quot;numbers_and_prev_next&quot;,&quot;classic_columns&quot;:&quot;3&quot;,&quot;classic_columns_tablet&quot;:&quot;2&quot;,&quot;classic_columns_mobile&quot;:&quot;1&quot;,&quot;classic_row_gap&quot;:{&quot;unit&quot;:&quot;px&quot;,&quot;size&quot;:35,&quot;sizes&quot;:[]},&quot;classic_row_gap_tablet&quot;:{&quot;unit&quot;:&quot;px&quot;,&quot;size&quot;:&quot;&quot;,&quot;sizes&quot;:[]},&quot;classic_row_gap_mobile&quot;:{&quot;unit&quot;:&quot;px&quot;,&quot;size&quot;:&quot;&quot;,&quot;sizes&quot;:[]}}\" data-widget_type=\"posts.classic\">\n\t\t\t\t<div class=\"elementor-widget-container\">\n\t\t\t\t\t\t\t<div class=\"elementor-posts-container elementor-posts elementor-posts--skin-classic elementor-grid\" role=\"list\">\n\t\t\t\t<article class=\"elementor-post elementor-grid-item post-43623 post type-post status-publish format-standard has-post-thumbnail hentry category-la-plata\" role=\"listitem\">\n\t\t\t\t<a class=\"elementor-post__thumbnail__link\" href=\"https:\/\/larealidaddelaplata.com.ar\/index.php\/2026\/09\/03\/musimundo-cerro-su-ultima-sucursal-en-la-plata-y-dejo-a-diez-trabajadores-en-la-calle\/\" tabindex=\"-1\" >\n\t\t\t<div class=\"elementor-post__thumbnail\"><img fetchpriority=\"high\" decoding=\"async\" width=\"300\" height=\"188\" src=\"https:\/\/larealidaddelaplata.com.ar\/wp-content\/uploads\/2026\/09\/1788387779551-300x188.jpg\" class=\"attachment-medium size-medium wp-image-43624\" alt=\"\" \/><\/div>\n\t\t<\/a>\n\t\t\t\t<div class=\"elementor-post__text\">\n\t\t\t\t<h3 class=\"elementor-post__title\">\n\t\t\t<a href=\"https:\/\/larealidaddelaplata.com.ar\/index.php\/2026\/09\/03\/musimundo-cerro-su-ultima-sucursal-en-la-plata-y-dejo-a-diez-trabajadores-en-la-calle\/\" >\n\t\t\t\tMusimundo cerr\u00f3 su \u00faltima sucursal en La Plata y dej\u00f3 a diez trabajadores en la calle\t\t\t<\/a>\n\t\t<\/h3>\n\t\t\t\t<div class=\"elementor-post__meta-data\">\n\t\t\t\t\t<span class=\"elementor-post-date\">\n\t\t\t3 septiembre, 2026\t\t<\/span>\n\t\t\t\t<\/div>\n\t\t\t\t<\/div>\n\t\t\t\t<\/article>\n\t\t\t\t<article class=\"elementor-post elementor-grid-item post-43601 post type-post status-publish format-standard has-post-thumbnail hentry category-la-plata\" role=\"listitem\">\n\t\t\t\t<a class=\"elementor-post__thumbnail__link\" href=\"https:\/\/larealidaddelaplata.com.ar\/index.php\/2026\/09\/01\/alerta-en-tolosa-vecinos-denuncian-la-presencia-de-un-misterioso-dron-que-vigila-sus-casas\/\" tabindex=\"-1\" >\n\t\t\t<div class=\"elementor-post__thumbnail\"><img decoding=\"async\" width=\"300\" height=\"176\" src=\"https:\/\/larealidaddelaplata.com.ar\/wp-content\/uploads\/2026\/09\/portada.png-300x176.jpg\" class=\"attachment-medium size-medium wp-image-43602\" alt=\"\" \/><\/div>\n\t\t<\/a>\n\t\t\t\t<div class=\"elementor-post__text\">\n\t\t\t\t<h3 class=\"elementor-post__title\">\n\t\t\t<a href=\"https:\/\/larealidaddelaplata.com.ar\/index.php\/2026\/09\/01\/alerta-en-tolosa-vecinos-denuncian-la-presencia-de-un-misterioso-dron-que-vigila-sus-casas\/\" >\n\t\t\t\tAlerta en Tolosa: vecinos denuncian la presencia de un misterioso dron que vigila sus casas\t\t\t<\/a>\n\t\t<\/h3>\n\t\t\t\t<div class=\"elementor-post__meta-data\">\n\t\t\t\t\t<span class=\"elementor-post-date\">\n\t\t\t1 septiembre, 2026\t\t<\/span>\n\t\t\t\t<\/div>\n\t\t\t\t<\/div>\n\t\t\t\t<\/article>\n\t\t\t\t<article class=\"elementor-post elementor-grid-item post-43598 post type-post status-publish format-standard has-post-thumbnail hentry category-la-plata\" role=\"listitem\">\n\t\t\t\t<a class=\"elementor-post__thumbnail__link\" href=\"https:\/\/larealidaddelaplata.com.ar\/index.php\/2026\/09\/01\/la-municipalidad-lanzo-una-campana-para-promover-la-recuperacion-de-veredas-en-todo-el-partido\/\" tabindex=\"-1\" >\n\t\t\t<div class=\"elementor-post__thumbnail\"><img decoding=\"async\" width=\"300\" height=\"200\" src=\"https:\/\/larealidaddelaplata.com.ar\/wp-content\/uploads\/2026\/09\/5635124768978161572-300x200.jpeg\" class=\"attachment-medium size-medium wp-image-43599\" alt=\"\" \/><\/div>\n\t\t<\/a>\n\t\t\t\t<div class=\"elementor-post__text\">\n\t\t\t\t<h3 class=\"elementor-post__title\">\n\t\t\t<a href=\"https:\/\/larealidaddelaplata.com.ar\/index.php\/2026\/09\/01\/la-municipalidad-lanzo-una-campana-para-promover-la-recuperacion-de-veredas-en-todo-el-partido\/\" >\n\t\t\t\tLa Municipalidad lanz\u00f3 una campa\u00f1a para promover la recuperaci\u00f3n de veredas en todo el partido\t\t\t<\/a>\n\t\t<\/h3>\n\t\t\t\t<div class=\"elementor-post__meta-data\">\n\t\t\t\t\t<span class=\"elementor-post-date\">\n\t\t\t1 septiembre, 2026\t\t<\/span>\n\t\t\t\t<\/div>\n\t\t\t\t<\/div>\n\t\t\t\t<\/article>\n\t\t\t\t<article class=\"elementor-post elementor-grid-item post-43591 post type-post status-publish format-standard has-post-thumbnail hentry category-la-plata\" role=\"listitem\">\n\t\t\t\t<a class=\"elementor-post__thumbnail__link\" href=\"https:\/\/larealidaddelaplata.com.ar\/index.php\/2026\/08\/31\/el-municipio-acerca-nuevas-jornadas-gratuitas-de-salud-a-los-barrios-platenses\/\" tabindex=\"-1\" >\n\t\t\t<div class=\"elementor-post__thumbnail\"><img loading=\"lazy\" decoding=\"async\" width=\"300\" height=\"199\" src=\"https:\/\/larealidaddelaplata.com.ar\/wp-content\/uploads\/2026\/08\/3118928963162624305-300x199.jpeg\" class=\"attachment-medium size-medium wp-image-43592\" alt=\"\" \/><\/div>\n\t\t<\/a>\n\t\t\t\t<div class=\"elementor-post__text\">\n\t\t\t\t<h3 class=\"elementor-post__title\">\n\t\t\t<a href=\"https:\/\/larealidaddelaplata.com.ar\/index.php\/2026\/08\/31\/el-municipio-acerca-nuevas-jornadas-gratuitas-de-salud-a-los-barrios-platenses\/\" >\n\t\t\t\tEl Municipio acerca nuevas jornadas gratuitas de salud a los barrios platenses\t\t\t<\/a>\n\t\t<\/h3>\n\t\t\t\t<div class=\"elementor-post__meta-data\">\n\t\t\t\t\t<span class=\"elementor-post-date\">\n\t\t\t31 agosto, 2026\t\t<\/span>\n\t\t\t\t<\/div>\n\t\t\t\t<\/div>\n\t\t\t\t<\/article>\n\t\t\t\t<article class=\"elementor-post elementor-grid-item post-43568 post type-post status-publish format-standard has-post-thumbnail hentry category-la-plata tag-julio-garro tag-la-plata\" role=\"listitem\">\n\t\t\t\t<a class=\"elementor-post__thumbnail__link\" href=\"https:\/\/larealidaddelaplata.com.ar\/index.php\/2026\/08\/28\/edelap-advirtio-que-seguiran-los-cortes-de-luz-en-la-plata-que-esta-pasando-y-hasta-cuando\/\" tabindex=\"-1\" >\n\t\t\t<div class=\"elementor-post__thumbnail\"><img loading=\"lazy\" decoding=\"async\" width=\"300\" height=\"200\" src=\"https:\/\/larealidaddelaplata.com.ar\/wp-content\/uploads\/2026\/08\/image-300x200.jpeg\" class=\"attachment-medium size-medium wp-image-43489\" alt=\"\" srcset=\"https:\/\/larealidaddelaplata.com.ar\/wp-content\/uploads\/2026\/08\/image-300x200.jpeg 300w, https:\/\/larealidaddelaplata.com.ar\/wp-content\/uploads\/2026\/08\/image-150x100.jpeg 150w, https:\/\/larealidaddelaplata.com.ar\/wp-content\/uploads\/2026\/08\/image.jpeg 730w\" sizes=\"(max-width: 300px) 100vw, 300px\" \/><\/div>\n\t\t<\/a>\n\t\t\t\t<div class=\"elementor-post__text\">\n\t\t\t\t<h3 class=\"elementor-post__title\">\n\t\t\t<a href=\"https:\/\/larealidaddelaplata.com.ar\/index.php\/2026\/08\/28\/edelap-advirtio-que-seguiran-los-cortes-de-luz-en-la-plata-que-esta-pasando-y-hasta-cuando\/\" >\n\t\t\t\tEdelap advirti\u00f3 que seguir\u00e1n los cortes de luz en La Plata: qu\u00e9 est\u00e1 pasando y hasta cu\u00e1ndo\t\t\t<\/a>\n\t\t<\/h3>\n\t\t\t\t<div class=\"elementor-post__meta-data\">\n\t\t\t\t\t<span class=\"elementor-post-date\">\n\t\t\t28 agosto, 2026\t\t<\/span>\n\t\t\t\t<\/div>\n\t\t\t\t<\/div>\n\t\t\t\t<\/article>\n\t\t\t\t<article class=\"elementor-post elementor-grid-item post-43562 post type-post status-publish format-standard has-post-thumbnail hentry category-la-plata\" role=\"listitem\">\n\t\t\t\t<a class=\"elementor-post__thumbnail__link\" href=\"https:\/\/larealidaddelaplata.com.ar\/index.php\/2026\/08\/27\/aumento-de-micros-en-la-plata-transporte-oficializo-las-tarifas-que-regiran-desde-septiembre\/\" tabindex=\"-1\" >\n\t\t\t<div class=\"elementor-post__thumbnail\"><img loading=\"lazy\" decoding=\"async\" width=\"300\" height=\"200\" src=\"https:\/\/larealidaddelaplata.com.ar\/wp-content\/uploads\/2026\/08\/micros-colectivos-genericos-6jpg-300x200.webp\" class=\"attachment-medium size-medium wp-image-43563\" alt=\"\" \/><\/div>\n\t\t<\/a>\n\t\t\t\t<div class=\"elementor-post__text\">\n\t\t\t\t<h3 class=\"elementor-post__title\">\n\t\t\t<a href=\"https:\/\/larealidaddelaplata.com.ar\/index.php\/2026\/08\/27\/aumento-de-micros-en-la-plata-transporte-oficializo-las-tarifas-que-regiran-desde-septiembre\/\" >\n\t\t\t\tAumento de micros en La Plata: Transporte oficializ\u00f3 las tarifas que regir\u00e1n desde septiembre\t\t\t<\/a>\n\t\t<\/h3>\n\t\t\t\t<div class=\"elementor-post__meta-data\">\n\t\t\t\t\t<span class=\"elementor-post-date\">\n\t\t\t27 agosto, 2026\t\t<\/span>\n\t\t\t\t<\/div>\n\t\t\t\t<\/div>\n\t\t\t\t<\/article>\n\t\t\t\t<article class=\"elementor-post elementor-grid-item post-43526 post type-post status-publish format-standard has-post-thumbnail hentry category-la-plata\" role=\"listitem\">\n\t\t\t\t<a class=\"elementor-post__thumbnail__link\" href=\"https:\/\/larealidaddelaplata.com.ar\/index.php\/2026\/08\/24\/el-gran-momento-del-tenista-platense-thiago-tirante-ranking-historico-y-confianza-plena-de-cara-al-us-open\/\" tabindex=\"-1\" >\n\t\t\t<div class=\"elementor-post__thumbnail\"><img loading=\"lazy\" decoding=\"async\" width=\"300\" height=\"168\" src=\"https:\/\/larealidaddelaplata.com.ar\/wp-content\/uploads\/2026\/08\/images-8-300x168.jpg\" class=\"attachment-medium size-medium wp-image-43527\" alt=\"\" srcset=\"https:\/\/larealidaddelaplata.com.ar\/wp-content\/uploads\/2026\/08\/images-8-300x168.jpg 300w, https:\/\/larealidaddelaplata.com.ar\/wp-content\/uploads\/2026\/08\/images-8.jpg 739w\" sizes=\"(max-width: 300px) 100vw, 300px\" \/><\/div>\n\t\t<\/a>\n\t\t\t\t<div class=\"elementor-post__text\">\n\t\t\t\t<h3 class=\"elementor-post__title\">\n\t\t\t<a href=\"https:\/\/larealidaddelaplata.com.ar\/index.php\/2026\/08\/24\/el-gran-momento-del-tenista-platense-thiago-tirante-ranking-historico-y-confianza-plena-de-cara-al-us-open\/\" >\n\t\t\t\tEl gran momento del tenista platense, Thiago Tirante: ranking hist\u00f3rico y confianza plena de cara al US Open\t\t\t<\/a>\n\t\t<\/h3>\n\t\t\t\t<div class=\"elementor-post__meta-data\">\n\t\t\t\t\t<span class=\"elementor-post-date\">\n\t\t\t24 agosto, 2026\t\t<\/span>\n\t\t\t\t<\/div>\n\t\t\t\t<\/div>\n\t\t\t\t<\/article>\n\t\t\t\t<article class=\"elementor-post elementor-grid-item post-43521 post type-post status-publish format-standard has-post-thumbnail hentry category-la-plata\" role=\"listitem\">\n\t\t\t\t<a class=\"elementor-post__thumbnail__link\" href=\"https:\/\/larealidaddelaplata.com.ar\/index.php\/2026\/08\/24\/por-las-obras-de-parque-saavedra-implementan-cortes-y-desvios-en-calles-de-la-zona\/\" tabindex=\"-1\" >\n\t\t\t<div class=\"elementor-post__thumbnail\"><img loading=\"lazy\" decoding=\"async\" width=\"300\" height=\"199\" src=\"https:\/\/larealidaddelaplata.com.ar\/wp-content\/uploads\/2026\/08\/obras-parque-saavedra-2-300x199.webp\" class=\"attachment-medium size-medium wp-image-43298\" alt=\"\" \/><\/div>\n\t\t<\/a>\n\t\t\t\t<div class=\"elementor-post__text\">\n\t\t\t\t<h3 class=\"elementor-post__title\">\n\t\t\t<a href=\"https:\/\/larealidaddelaplata.com.ar\/index.php\/2026\/08\/24\/por-las-obras-de-parque-saavedra-implementan-cortes-y-desvios-en-calles-de-la-zona\/\" >\n\t\t\t\tPor las obras de Parque Saavedra, implementan cortes y desv\u00edos en calles de la zona\t\t\t<\/a>\n\t\t<\/h3>\n\t\t\t\t<div class=\"elementor-post__meta-data\">\n\t\t\t\t\t<span class=\"elementor-post-date\">\n\t\t\t24 agosto, 2026\t\t<\/span>\n\t\t\t\t<\/div>\n\t\t\t\t<\/div>\n\t\t\t\t<\/article>\n\t\t\t\t<article class=\"elementor-post elementor-grid-item post-43497 post type-post status-publish format-standard has-post-thumbnail hentry category-la-plata\" role=\"listitem\">\n\t\t\t\t<a class=\"elementor-post__thumbnail__link\" href=\"https:\/\/larealidaddelaplata.com.ar\/index.php\/2026\/08\/21\/se-viene-otro-fin-de-semana-con-cine-musica-literatura-opera-y-tours-en-la-plata\/\" tabindex=\"-1\" >\n\t\t\t<div class=\"elementor-post__thumbnail\"><img loading=\"lazy\" decoding=\"async\" width=\"300\" height=\"200\" src=\"https:\/\/larealidaddelaplata.com.ar\/wp-content\/uploads\/2026\/08\/6657106424780934404-300x200.jpeg\" class=\"attachment-medium size-medium wp-image-43498\" alt=\"\" \/><\/div>\n\t\t<\/a>\n\t\t\t\t<div class=\"elementor-post__text\">\n\t\t\t\t<h3 class=\"elementor-post__title\">\n\t\t\t<a href=\"https:\/\/larealidaddelaplata.com.ar\/index.php\/2026\/08\/21\/se-viene-otro-fin-de-semana-con-cine-musica-literatura-opera-y-tours-en-la-plata\/\" >\n\t\t\t\tSe viene otro fin de semana con cine, m\u00fasica, literatura, \u00f3pera y tours en La Plata\t\t\t<\/a>\n\t\t<\/h3>\n\t\t\t\t<div class=\"elementor-post__meta-data\">\n\t\t\t\t\t<span class=\"elementor-post-date\">\n\t\t\t21 agosto, 2026\t\t<\/span>\n\t\t\t\t<\/div>\n\t\t\t\t<\/div>\n\t\t\t\t<\/article>\n\t\t\t\t<article class=\"elementor-post elementor-grid-item post-43479 post type-post status-publish format-standard has-post-thumbnail hentry category-la-plata\" role=\"listitem\">\n\t\t\t\t<a class=\"elementor-post__thumbnail__link\" href=\"https:\/\/larealidaddelaplata.com.ar\/index.php\/2026\/08\/20\/fuerte-reclamo-en-la-unlp-la-comunidad-universitaria-realizo-un-masivo-banderazo-frente-al-rectorado\/\" tabindex=\"-1\" >\n\t\t\t<div class=\"elementor-post__thumbnail\"><img loading=\"lazy\" decoding=\"async\" width=\"300\" height=\"200\" src=\"https:\/\/larealidaddelaplata.com.ar\/wp-content\/uploads\/2026\/08\/banderazo-rectorado-unlp-4-300x200.webp\" class=\"attachment-medium size-medium wp-image-43480\" alt=\"\" \/><\/div>\n\t\t<\/a>\n\t\t\t\t<div class=\"elementor-post__text\">\n\t\t\t\t<h3 class=\"elementor-post__title\">\n\t\t\t<a href=\"https:\/\/larealidaddelaplata.com.ar\/index.php\/2026\/08\/20\/fuerte-reclamo-en-la-unlp-la-comunidad-universitaria-realizo-un-masivo-banderazo-frente-al-rectorado\/\" >\n\t\t\t\tFuerte reclamo en la UNLP: la comunidad universitaria realiz\u00f3 un masivo banderazo frente al Rectorado\t\t\t<\/a>\n\t\t<\/h3>\n\t\t\t\t<div class=\"elementor-post__meta-data\">\n\t\t\t\t\t<span class=\"elementor-post-date\">\n\t\t\t20 agosto, 2026\t\t<\/span>\n\t\t\t\t<\/div>\n\t\t\t\t<\/div>\n\t\t\t\t<\/article>\n\t\t\t\t<article class=\"elementor-post elementor-grid-item post-43462 post type-post status-publish format-standard has-post-thumbnail hentry category-la-plata\" role=\"listitem\">\n\t\t\t\t<a class=\"elementor-post__thumbnail__link\" href=\"https:\/\/larealidaddelaplata.com.ar\/index.php\/2026\/08\/18\/el-municipio-realizara-jornadas-de-salud-en-hernandez-tolosa-gonnet-villa-elvira-y-el-casco\/\" tabindex=\"-1\" >\n\t\t\t<div class=\"elementor-post__thumbnail\"><img loading=\"lazy\" decoding=\"async\" width=\"300\" height=\"200\" src=\"https:\/\/larealidaddelaplata.com.ar\/wp-content\/uploads\/2026\/08\/2164099288163537089-300x200.jpeg\" class=\"attachment-medium size-medium wp-image-43463\" alt=\"\" \/><\/div>\n\t\t<\/a>\n\t\t\t\t<div class=\"elementor-post__text\">\n\t\t\t\t<h3 class=\"elementor-post__title\">\n\t\t\t<a href=\"https:\/\/larealidaddelaplata.com.ar\/index.php\/2026\/08\/18\/el-municipio-realizara-jornadas-de-salud-en-hernandez-tolosa-gonnet-villa-elvira-y-el-casco\/\" >\n\t\t\t\tEl Municipio realizar\u00e1 jornadas de salud en Hern\u00e1ndez, Tolosa, Gonnet, Villa Elvira y el casco\t\t\t<\/a>\n\t\t<\/h3>\n\t\t\t\t<div class=\"elementor-post__meta-data\">\n\t\t\t\t\t<span class=\"elementor-post-date\">\n\t\t\t18 agosto, 2026\t\t<\/span>\n\t\t\t\t<\/div>\n\t\t\t\t<\/div>\n\t\t\t\t<\/article>\n\t\t\t\t<article class=\"elementor-post elementor-grid-item post-43459 post type-post status-publish format-standard has-post-thumbnail hentry category-la-plata\" role=\"listitem\">\n\t\t\t\t<a class=\"elementor-post__thumbnail__link\" href=\"https:\/\/larealidaddelaplata.com.ar\/index.php\/2026\/08\/18\/apagon-en-la-plata-la-defensoria-exige-a-edelap-un-30-de-descuento-en-la-factura-para-los-damnificados\/\" tabindex=\"-1\" >\n\t\t\t<div class=\"elementor-post__thumbnail\"><img loading=\"lazy\" decoding=\"async\" width=\"300\" height=\"169\" src=\"https:\/\/larealidaddelaplata.com.ar\/wp-content\/uploads\/2026\/08\/la-plata-apagon-17082026-2305938-300x169.jpg\" class=\"attachment-medium size-medium wp-image-43460\" alt=\"\" \/><\/div>\n\t\t<\/a>\n\t\t\t\t<div class=\"elementor-post__text\">\n\t\t\t\t<h3 class=\"elementor-post__title\">\n\t\t\t<a href=\"https:\/\/larealidaddelaplata.com.ar\/index.php\/2026\/08\/18\/apagon-en-la-plata-la-defensoria-exige-a-edelap-un-30-de-descuento-en-la-factura-para-los-damnificados\/\" >\n\t\t\t\tApag\u00f3n en La Plata: la Defensor\u00eda exige a EDELAP un 30% de descuento en la factura para los damnificados\t\t\t<\/a>\n\t\t<\/h3>\n\t\t\t\t<div class=\"elementor-post__meta-data\">\n\t\t\t\t\t<span class=\"elementor-post-date\">\n\t\t\t18 agosto, 2026\t\t<\/span>\n\t\t\t\t<\/div>\n\t\t\t\t<\/div>\n\t\t\t\t<\/article>\n\t\t\t\t<article class=\"elementor-post elementor-grid-item post-43438 post type-post status-publish format-standard has-post-thumbnail hentry category-la-plata category-sociedad\" role=\"listitem\">\n\t\t\t\t<a class=\"elementor-post__thumbnail__link\" href=\"https:\/\/larealidaddelaplata.com.ar\/index.php\/2026\/08\/14\/de-alimentos-a-maquinaria-la-plata-fabrica-mas-de-110-variedades-de-productos\/\" tabindex=\"-1\" >\n\t\t\t<div class=\"elementor-post__thumbnail\"><img loading=\"lazy\" decoding=\"async\" width=\"300\" height=\"200\" src=\"https:\/\/larealidaddelaplata.com.ar\/wp-content\/uploads\/2026\/08\/2613274499123872855-300x200.jpeg\" class=\"attachment-medium size-medium wp-image-43439\" alt=\"\" \/><\/div>\n\t\t<\/a>\n\t\t\t\t<div class=\"elementor-post__text\">\n\t\t\t\t<h3 class=\"elementor-post__title\">\n\t\t\t<a href=\"https:\/\/larealidaddelaplata.com.ar\/index.php\/2026\/08\/14\/de-alimentos-a-maquinaria-la-plata-fabrica-mas-de-110-variedades-de-productos\/\" >\n\t\t\t\tDe alimentos a maquinaria: La Plata fabrica m\u00e1s de 110 variedades de productos\t\t\t<\/a>\n\t\t<\/h3>\n\t\t\t\t<div class=\"elementor-post__meta-data\">\n\t\t\t\t\t<span class=\"elementor-post-date\">\n\t\t\t14 agosto, 2026\t\t<\/span>\n\t\t\t\t<\/div>\n\t\t\t\t<\/div>\n\t\t\t\t<\/article>\n\t\t\t\t<article class=\"elementor-post elementor-grid-item post-43419 post type-post status-publish format-standard has-post-thumbnail hentry category-la-plata\" role=\"listitem\">\n\t\t\t\t<a class=\"elementor-post__thumbnail__link\" href=\"https:\/\/larealidaddelaplata.com.ar\/index.php\/2026\/08\/13\/la-plata-celebra-el-dia-del-nino-con-una-agenda-cultural-para-toda-la-familia\/\" tabindex=\"-1\" >\n\t\t\t<div class=\"elementor-post__thumbnail\"><img loading=\"lazy\" decoding=\"async\" width=\"300\" height=\"200\" src=\"https:\/\/larealidaddelaplata.com.ar\/wp-content\/uploads\/2026\/08\/4426125147720105197-300x200.jpeg\" class=\"attachment-medium size-medium wp-image-43420\" alt=\"\" \/><\/div>\n\t\t<\/a>\n\t\t\t\t<div class=\"elementor-post__text\">\n\t\t\t\t<h3 class=\"elementor-post__title\">\n\t\t\t<a href=\"https:\/\/larealidaddelaplata.com.ar\/index.php\/2026\/08\/13\/la-plata-celebra-el-dia-del-nino-con-una-agenda-cultural-para-toda-la-familia\/\" >\n\t\t\t\tLa Plata celebra el D\u00eda del Ni\u00f1o con una agenda cultural para toda la familia\t\t\t<\/a>\n\t\t<\/h3>\n\t\t\t\t<div class=\"elementor-post__meta-data\">\n\t\t\t\t\t<span class=\"elementor-post-date\">\n\t\t\t13 agosto, 2026\t\t<\/span>\n\t\t\t\t<\/div>\n\t\t\t\t<\/div>\n\t\t\t\t<\/article>\n\t\t\t\t<article class=\"elementor-post elementor-grid-item post-43408 post type-post status-publish format-standard has-post-thumbnail hentry category-la-plata\" role=\"listitem\">\n\t\t\t\t<a class=\"elementor-post__thumbnail__link\" href=\"https:\/\/larealidaddelaplata.com.ar\/index.php\/2026\/08\/12\/avanzan-los-trabajos-de-fresado-en-parque-saavedra-el-cronograma-completo-de-las-intervenciones\/\" tabindex=\"-1\" >\n\t\t\t<div class=\"elementor-post__thumbnail\"><img loading=\"lazy\" decoding=\"async\" width=\"300\" height=\"199\" src=\"https:\/\/larealidaddelaplata.com.ar\/wp-content\/uploads\/2026\/08\/obras-parque-saavedra-2-300x199.webp\" class=\"attachment-medium size-medium wp-image-43298\" alt=\"\" \/><\/div>\n\t\t<\/a>\n\t\t\t\t<div class=\"elementor-post__text\">\n\t\t\t\t<h3 class=\"elementor-post__title\">\n\t\t\t<a href=\"https:\/\/larealidaddelaplata.com.ar\/index.php\/2026\/08\/12\/avanzan-los-trabajos-de-fresado-en-parque-saavedra-el-cronograma-completo-de-las-intervenciones\/\" >\n\t\t\t\tAvanzan los trabajos de fresado en Parque Saavedra: el cronograma completo de las intervenciones\t\t\t<\/a>\n\t\t<\/h3>\n\t\t\t\t<div class=\"elementor-post__meta-data\">\n\t\t\t\t\t<span class=\"elementor-post-date\">\n\t\t\t12 agosto, 2026\t\t<\/span>\n\t\t\t\t<\/div>\n\t\t\t\t<\/div>\n\t\t\t\t<\/article>\n\t\t\t\t<article class=\"elementor-post elementor-grid-item post-43397 post type-post status-publish format-standard has-post-thumbnail hentry category-la-plata\" role=\"listitem\">\n\t\t\t\t<a class=\"elementor-post__thumbnail__link\" href=\"https:\/\/larealidaddelaplata.com.ar\/index.php\/2026\/08\/11\/mas-controles-en-la-plata-vehiculos-secuestrados-15-aprehendidos-y-mas-de-1-400-sanciones\/\" tabindex=\"-1\" >\n\t\t\t<div class=\"elementor-post__thumbnail\"><img loading=\"lazy\" decoding=\"async\" width=\"300\" height=\"171\" src=\"https:\/\/larealidaddelaplata.com.ar\/wp-content\/uploads\/2026\/08\/1983811170023528443-300x171.jpeg\" class=\"attachment-medium size-medium wp-image-43398\" alt=\"\" \/><\/div>\n\t\t<\/a>\n\t\t\t\t<div class=\"elementor-post__text\">\n\t\t\t\t<h3 class=\"elementor-post__title\">\n\t\t\t<a href=\"https:\/\/larealidaddelaplata.com.ar\/index.php\/2026\/08\/11\/mas-controles-en-la-plata-vehiculos-secuestrados-15-aprehendidos-y-mas-de-1-400-sanciones\/\" >\n\t\t\t\tM\u00e1s controles en La Plata: veh\u00edculos secuestrados, 15 aprehendidos y m\u00e1s de 1.400 sanciones\t\t\t<\/a>\n\t\t<\/h3>\n\t\t\t\t<div class=\"elementor-post__meta-data\">\n\t\t\t\t\t<span class=\"elementor-post-date\">\n\t\t\t11 agosto, 2026\t\t<\/span>\n\t\t\t\t<\/div>\n\t\t\t\t<\/div>\n\t\t\t\t<\/article>\n\t\t\t\t<article class=\"elementor-post elementor-grid-item post-43357 post type-post status-publish format-standard has-post-thumbnail hentry category-cultura category-la-plata category-sociedad\" role=\"listitem\">\n\t\t\t\t<a class=\"elementor-post__thumbnail__link\" href=\"https:\/\/larealidaddelaplata.com.ar\/index.php\/2026\/08\/07\/llega-un-fin-de-semana-de-cine-teatro-musica-y-arte-a-los-espacios-culturales-de-la-plata\/\" tabindex=\"-1\" >\n\t\t\t<div class=\"elementor-post__thumbnail\"><img loading=\"lazy\" decoding=\"async\" width=\"300\" height=\"200\" src=\"https:\/\/larealidaddelaplata.com.ar\/wp-content\/uploads\/2026\/08\/2309583458402221471-300x200.jpeg\" class=\"attachment-medium size-medium wp-image-43358\" alt=\"\" \/><\/div>\n\t\t<\/a>\n\t\t\t\t<div class=\"elementor-post__text\">\n\t\t\t\t<h3 class=\"elementor-post__title\">\n\t\t\t<a href=\"https:\/\/larealidaddelaplata.com.ar\/index.php\/2026\/08\/07\/llega-un-fin-de-semana-de-cine-teatro-musica-y-arte-a-los-espacios-culturales-de-la-plata\/\" >\n\t\t\t\tLlega un fin de semana de cine, teatro, m\u00fasica y arte a los espacios culturales de La Plata\t\t\t<\/a>\n\t\t<\/h3>\n\t\t\t\t<div class=\"elementor-post__meta-data\">\n\t\t\t\t\t<span class=\"elementor-post-date\">\n\t\t\t7 agosto, 2026\t\t<\/span>\n\t\t\t\t<\/div>\n\t\t\t\t<\/div>\n\t\t\t\t<\/article>\n\t\t\t\t<article class=\"elementor-post elementor-grid-item post-43336 post type-post status-publish format-standard has-post-thumbnail hentry category-la-plata\" role=\"listitem\">\n\t\t\t\t<a class=\"elementor-post__thumbnail__link\" href=\"https:\/\/larealidaddelaplata.com.ar\/index.php\/2026\/08\/06\/devastador-incendio-en-la-plata-una-joven-perdio-todo-y-organizan-una-colecta-para-ayudarla\/\" tabindex=\"-1\" >\n\t\t\t<div class=\"elementor-post__thumbnail\"><img loading=\"lazy\" decoding=\"async\" width=\"300\" height=\"176\" src=\"https:\/\/larealidaddelaplata.com.ar\/wp-content\/uploads\/2026\/08\/diseno-titulo-300x176.webp\" class=\"attachment-medium size-medium wp-image-43339\" alt=\"\" \/><\/div>\n\t\t<\/a>\n\t\t\t\t<div class=\"elementor-post__text\">\n\t\t\t\t<h3 class=\"elementor-post__title\">\n\t\t\t<a href=\"https:\/\/larealidaddelaplata.com.ar\/index.php\/2026\/08\/06\/devastador-incendio-en-la-plata-una-joven-perdio-todo-y-organizan-una-colecta-para-ayudarla\/\" >\n\t\t\t\tDevastador incendio en La Plata: una joven perdi\u00f3 todo y organizan una colecta para ayudarla\t\t\t<\/a>\n\t\t<\/h3>\n\t\t\t\t<div class=\"elementor-post__meta-data\">\n\t\t\t\t\t<span class=\"elementor-post-date\">\n\t\t\t6 agosto, 2026\t\t<\/span>\n\t\t\t\t<\/div>\n\t\t\t\t<\/div>\n\t\t\t\t<\/article>\n\t\t\t\t<\/div>\n\t\t\n\t\t\t\t<div class=\"e-load-more-anchor\" data-page=\"1\" data-max-page=\"164\" data-next-page=\"https:\/\/larealidaddelaplata.com.ar\/index.php\/wp-json\/wp\/v2\/pages\/5694\/page\/2\/\"><\/div>\n\t\t\t\t<nav class=\"elementor-pagination\" aria-label=\"Pagination\">\n\t\t\t<span class=\"page-numbers prev\">&laquo; Antes<\/span>\n<span aria-current=\"page\" class=\"page-numbers current\"><span class=\"elementor-screen-only\">Page<\/span>1<\/span>\n<a class=\"page-numbers\" href=\"https:\/\/larealidaddelaplata.com.ar\/index.php\/wp-json\/wp\/v2\/pages\/5694\/page\/2\/\"><span class=\"elementor-screen-only\">Page<\/span>2<\/a>\n<a class=\"page-numbers\" href=\"https:\/\/larealidaddelaplata.com.ar\/index.php\/wp-json\/wp\/v2\/pages\/5694\/page\/3\/\"><span class=\"elementor-screen-only\">Page<\/span>3<\/a>\n<span class=\"page-numbers dots\">&hellip;<\/span>\n<a class=\"page-numbers\" href=\"https:\/\/larealidaddelaplata.com.ar\/index.php\/wp-json\/wp\/v2\/pages\/5694\/page\/164\/\"><span class=\"elementor-screen-only\">Page<\/span>164<\/a>\n<a class=\"page-numbers next\" href=\"https:\/\/larealidaddelaplata.com.ar\/index.php\/wp-json\/wp\/v2\/pages\/5694\/page\/2\/\">Despu\u00e9s &raquo;<\/a>\t\t<\/nav>\n\t\t\t\t\t\t<\/div>\n\t\t\t\t<\/div>\n\t\t\t\t\t<\/div>\n\t\t<\/div>\n\t\t\t\t\t<\/div>\n\t\t<\/section>\n\t\t\t\t<\/div>\n\t\t","protected":false},"excerpt":{"rendered":"<p>LA PLATA<\/p>\n","protected":false},"author":1,"featured_media":0,"parent":0,"menu_order":0,"comment_status":"closed","ping_status":"closed","template":"elementor_header_footer","meta":{"_acf_changed":false,"footnotes":""},"class_list":["post-5694","page","type-page","status-publish","hentry"],"acf":[],"aioseo_notices":[],"aioseo_head":"\n\t\t<!-- All in One SEO 5.0.1.1 - aioseo.com -->\n\t<meta name=\"description\" content=\"Una joven platense llamada Abril perdi\u00f3 absolutamente todas sus pertenencias luego de que un feroz incendio destruyera su departamento, ubicado en la intersecci\u00f3n de las calles 7 y 55, durante la noche del martes. Afortunadamente, tanto ella como su mascota lograron salir ilesos del lugar. El dram\u00e1tico episodio comenz\u00f3 mientras la estudiante de Derecho se\" \/>\n\t<meta name=\"robots\" content=\"max-snippet:-1, max-image-preview:large, max-video-preview:-1\" \/>\n\t<link rel=\"canonical\" href=\"https:\/\/larealidaddelaplata.com.ar\/index.php\/2026\/08\/06\/devastador-incendio-en-la-plata-una-joven-perdio-todo-y-organizan-una-colecta-para-ayudarla\/\" \/>\n\t<meta name=\"generator\" content=\"All in One SEO (AIOSEO) 5.0.1.1\" \/>\n\t\t<script type=\"application\/ld+json\" class=\"aioseo-schema\">\n\t\t\t{\"@context\":\"https:\\\/\\\/schema.org\",\"@graph\":[{\"@type\":\"Article\",\"@id\":\"https:\\\/\\\/larealidaddelaplata.com.ar\\\/index.php\\\/2026\\\/08\\\/06\\\/devastador-incendio-en-la-plata-una-joven-perdio-todo-y-organizan-una-colecta-para-ayudarla\\\/#article\",\"name\":\"Devastador incendio en La Plata: una joven perdi\\u00f3 todo y organizan una colecta para ayudarla | larealidaddelaplata.com.ar\",\"headline\":\"Devastador incendio en La Plata: una joven perdi\\u00f3 todo y organizan una colecta para ayudarla\",\"author\":{\"@id\":\"https:\\\/\\\/larealidaddelaplata.com.ar\\\/index.php\\\/author\\\/julian_ibarrola\\\/#author\"},\"publisher\":{\"@id\":\"https:\\\/\\\/larealidaddelaplata.com.ar\\\/#organization\"},\"image\":{\"@type\":\"ImageObject\",\"url\":\"https:\\\/\\\/larealidaddelaplata.com.ar\\\/wp-content\\\/uploads\\\/2026\\\/08\\\/diseno-titulo-e1786054206181.webp\",\"width\":800,\"height\":469},\"datePublished\":\"2026-08-06T19:10:13-03:00\",\"dateModified\":\"2026-08-06T19:10:15-03:00\",\"inLanguage\":\"es-AR\",\"mainEntityOfPage\":{\"@id\":\"https:\\\/\\\/larealidaddelaplata.com.ar\\\/index.php\\\/2026\\\/08\\\/06\\\/devastador-incendio-en-la-plata-una-joven-perdio-todo-y-organizan-una-colecta-para-ayudarla\\\/#webpage\"},\"isPartOf\":{\"@id\":\"https:\\\/\\\/larealidaddelaplata.com.ar\\\/index.php\\\/2026\\\/08\\\/06\\\/devastador-incendio-en-la-plata-una-joven-perdio-todo-y-organizan-una-colecta-para-ayudarla\\\/#webpage\"},\"articleSection\":\"La Plata\"},{\"@type\":\"BreadcrumbList\",\"@id\":\"https:\\\/\\\/larealidaddelaplata.com.ar\\\/index.php\\\/2026\\\/08\\\/06\\\/devastador-incendio-en-la-plata-una-joven-perdio-todo-y-organizan-una-colecta-para-ayudarla\\\/#breadcrumblist\",\"itemListElement\":[{\"@type\":\"ListItem\",\"@id\":\"https:\\\/\\\/larealidaddelaplata.com.ar#listItem\",\"position\":1,\"name\":\"Home\",\"item\":\"https:\\\/\\\/larealidaddelaplata.com.ar\",\"nextItem\":{\"@type\":\"ListItem\",\"@id\":\"https:\\\/\\\/larealidaddelaplata.com.ar\\\/index.php\\\/la-plata\\\/#listItem\",\"name\":\"La Plata\"}},{\"@type\":\"ListItem\",\"@id\":\"https:\\\/\\\/larealidaddelaplata.com.ar\\\/index.php\\\/la-plata\\\/#listItem\",\"position\":2,\"name\":\"La Plata\",\"previousItem\":{\"@type\":\"ListItem\",\"@id\":\"https:\\\/\\\/larealidaddelaplata.com.ar#listItem\",\"name\":\"Home\"}}]},{\"@type\":\"Organization\",\"@id\":\"https:\\\/\\\/larealidaddelaplata.com.ar\\\/#organization\",\"name\":\"La Realidad de La Plata\",\"description\":\"Tu portal de noticias sobre la realidad la Provincia de Buenos Aires y La Plata\",\"url\":\"https:\\\/\\\/larealidaddelaplata.com.ar\\\/\",\"logo\":{\"@type\":\"ImageObject\",\"url\":\"https:\\\/\\\/larealidaddelaplata.com.ar\\\/wp-content\\\/uploads\\\/2021\\\/01\\\/cropped-Diseno-sin-titulo-1-1.png\",\"@id\":\"https:\\\/\\\/larealidaddelaplata.com.ar\\\/index.php\\\/2026\\\/08\\\/06\\\/devastador-incendio-en-la-plata-una-joven-perdio-todo-y-organizan-una-colecta-para-ayudarla\\\/#organizationLogo\",\"width\":1920,\"height\":355},\"image\":{\"@id\":\"https:\\\/\\\/larealidaddelaplata.com.ar\\\/index.php\\\/2026\\\/08\\\/06\\\/devastador-incendio-en-la-plata-una-joven-perdio-todo-y-organizan-una-colecta-para-ayudarla\\\/#organizationLogo\"}},{\"@type\":\"Person\",\"@id\":\"https:\\\/\\\/larealidaddelaplata.com.ar\\\/index.php\\\/author\\\/julian_ibarrola\\\/#author\",\"url\":\"https:\\\/\\\/larealidaddelaplata.com.ar\\\/index.php\\\/author\\\/julian_ibarrola\\\/\",\"name\":\"Julian I\",\"image\":{\"@type\":\"ImageObject\",\"@id\":\"https:\\\/\\\/larealidaddelaplata.com.ar\\\/index.php\\\/2026\\\/08\\\/06\\\/devastador-incendio-en-la-plata-una-joven-perdio-todo-y-organizan-una-colecta-para-ayudarla\\\/#authorImage\",\"url\":\"https:\\\/\\\/secure.gravatar.com\\\/avatar\\\/7771209082b3e5bb400c4977362cbab150b08c7199fffcd6a227c0b2fbe17c9c?s=96&d=mm&r=g\",\"width\":96,\"height\":96,\"caption\":\"Julian I\"}},{\"@type\":\"WebPage\",\"@id\":\"https:\\\/\\\/larealidaddelaplata.com.ar\\\/index.php\\\/2026\\\/08\\\/06\\\/devastador-incendio-en-la-plata-una-joven-perdio-todo-y-organizan-una-colecta-para-ayudarla\\\/#webpage\",\"url\":\"https:\\\/\\\/larealidaddelaplata.com.ar\\\/index.php\\\/2026\\\/08\\\/06\\\/devastador-incendio-en-la-plata-una-joven-perdio-todo-y-organizan-una-colecta-para-ayudarla\\\/\",\"name\":\"Devastador incendio en La Plata: una joven perdi\\u00f3 todo y organizan una colecta para ayudarla | larealidaddelaplata.com.ar\",\"description\":\"Una joven platense llamada Abril perdi\\u00f3 absolutamente todas sus pertenencias luego de que un feroz incendio destruyera su departamento, ubicado en la intersecci\\u00f3n de las calles 7 y 55, durante la noche del martes. Afortunadamente, tanto ella como su mascota lograron salir ilesos del lugar. El dram\\u00e1tico episodio comenz\\u00f3 mientras la estudiante de Derecho se\",\"inLanguage\":\"es-AR\",\"isPartOf\":{\"@id\":\"https:\\\/\\\/larealidaddelaplata.com.ar\\\/#website\"},\"breadcrumb\":{\"@id\":\"https:\\\/\\\/larealidaddelaplata.com.ar\\\/index.php\\\/2026\\\/08\\\/06\\\/devastador-incendio-en-la-plata-una-joven-perdio-todo-y-organizan-una-colecta-para-ayudarla\\\/#breadcrumblist\"},\"author\":{\"@id\":\"https:\\\/\\\/larealidaddelaplata.com.ar\\\/index.php\\\/author\\\/julian_ibarrola\\\/#author\"},\"creator\":{\"@id\":\"https:\\\/\\\/larealidaddelaplata.com.ar\\\/index.php\\\/author\\\/julian_ibarrola\\\/#author\"},\"image\":{\"@type\":\"ImageObject\",\"url\":\"https:\\\/\\\/larealidaddelaplata.com.ar\\\/wp-content\\\/uploads\\\/2026\\\/08\\\/diseno-titulo-e1786054206181.webp\",\"@id\":\"https:\\\/\\\/larealidaddelaplata.com.ar\\\/index.php\\\/2026\\\/08\\\/06\\\/devastador-incendio-en-la-plata-una-joven-perdio-todo-y-organizan-una-colecta-para-ayudarla\\\/#mainImage\",\"width\":800,\"height\":469},\"primaryImageOfPage\":{\"@id\":\"https:\\\/\\\/larealidaddelaplata.com.ar\\\/index.php\\\/2026\\\/08\\\/06\\\/devastador-incendio-en-la-plata-una-joven-perdio-todo-y-organizan-una-colecta-para-ayudarla\\\/#mainImage\"},\"datePublished\":\"2026-08-06T19:10:13-03:00\",\"dateModified\":\"2026-08-06T19:10:15-03:00\"},{\"@type\":\"WebSite\",\"@id\":\"https:\\\/\\\/larealidaddelaplata.com.ar\\\/#website\",\"url\":\"https:\\\/\\\/larealidaddelaplata.com.ar\\\/\",\"name\":\"La Realidad de La Plata\",\"description\":\"Tu portal de noticias sobre la realidad la Provincia de Buenos Aires y La Plata\",\"inLanguage\":\"es-AR\",\"publisher\":{\"@id\":\"https:\\\/\\\/larealidaddelaplata.com.ar\\\/#organization\"}}]}\n\t\t<\/script>\n\t\t<!-- All in One SEO -->\n\n","aioseo_head_json":{"title":"Devastador incendio en La Plata: una joven perdi\u00f3 todo y organizan una colecta para ayudarla | larealidaddelaplata.com.ar","description":"Una joven platense llamada Abril perdi\u00f3 absolutamente todas sus pertenencias luego de que un feroz incendio destruyera su departamento, ubicado en la intersecci\u00f3n de las calles 7 y 55, durante la noche del martes. Afortunadamente, tanto ella como su mascota lograron salir ilesos del lugar. El dram\u00e1tico episodio comenz\u00f3 mientras la estudiante de Derecho se","canonical_url":"https:\/\/larealidaddelaplata.com.ar\/index.php\/2026\/08\/06\/devastador-incendio-en-la-plata-una-joven-perdio-todo-y-organizan-una-colecta-para-ayudarla\/","robots":"max-snippet:-1, max-image-preview:large, max-video-preview:-1","keywords":"","webmasterTools":{"miscellaneous":""},"schema":{"@context":"https:\/\/schema.org","@graph":[{"@type":"Article","@id":"https:\/\/larealidaddelaplata.com.ar\/index.php\/2026\/08\/06\/devastador-incendio-en-la-plata-una-joven-perdio-todo-y-organizan-una-colecta-para-ayudarla\/#article","name":"Devastador incendio en La Plata: una joven perdi\u00f3 todo y organizan una colecta para ayudarla | larealidaddelaplata.com.ar","headline":"Devastador incendio en La Plata: una joven perdi\u00f3 todo y organizan una colecta para ayudarla","author":{"@id":"https:\/\/larealidaddelaplata.com.ar\/index.php\/author\/julian_ibarrola\/#author"},"publisher":{"@id":"https:\/\/larealidaddelaplata.com.ar\/#organization"},"image":{"@type":"ImageObject","url":"https:\/\/larealidaddelaplata.com.ar\/wp-content\/uploads\/2026\/08\/diseno-titulo-e1786054206181.webp","width":800,"height":469},"datePublished":"2026-08-06T19:10:13-03:00","dateModified":"2026-08-06T19:10:15-03:00","inLanguage":"es-AR","mainEntityOfPage":{"@id":"https:\/\/larealidaddelaplata.com.ar\/index.php\/2026\/08\/06\/devastador-incendio-en-la-plata-una-joven-perdio-todo-y-organizan-una-colecta-para-ayudarla\/#webpage"},"isPartOf":{"@id":"https:\/\/larealidaddelaplata.com.ar\/index.php\/2026\/08\/06\/devastador-incendio-en-la-plata-una-joven-perdio-todo-y-organizan-una-colecta-para-ayudarla\/#webpage"},"articleSection":"La Plata"},{"@type":"BreadcrumbList","@id":"https:\/\/larealidaddelaplata.com.ar\/index.php\/2026\/08\/06\/devastador-incendio-en-la-plata-una-joven-perdio-todo-y-organizan-una-colecta-para-ayudarla\/#breadcrumblist","itemListElement":[{"@type":"ListItem","@id":"https:\/\/larealidaddelaplata.com.ar#listItem","position":1,"name":"Home","item":"https:\/\/larealidaddelaplata.com.ar","nextItem":{"@type":"ListItem","@id":"https:\/\/larealidaddelaplata.com.ar\/index.php\/la-plata\/#listItem","name":"La Plata"}},{"@type":"ListItem","@id":"https:\/\/larealidaddelaplata.com.ar\/index.php\/la-plata\/#listItem","position":2,"name":"La Plata","previousItem":{"@type":"ListItem","@id":"https:\/\/larealidaddelaplata.com.ar#listItem","name":"Home"}}]},{"@type":"Organization","@id":"https:\/\/larealidaddelaplata.com.ar\/#organization","name":"La Realidad de La Plata","description":"Tu portal de noticias sobre la realidad la Provincia de Buenos Aires y La Plata","url":"https:\/\/larealidaddelaplata.com.ar\/","logo":{"@type":"ImageObject","url":"https:\/\/larealidaddelaplata.com.ar\/wp-content\/uploads\/2021\/01\/cropped-Diseno-sin-titulo-1-1.png","@id":"https:\/\/larealidaddelaplata.com.ar\/index.php\/2026\/08\/06\/devastador-incendio-en-la-plata-una-joven-perdio-todo-y-organizan-una-colecta-para-ayudarla\/#organizationLogo","width":1920,"height":355},"image":{"@id":"https:\/\/larealidaddelaplata.com.ar\/index.php\/2026\/08\/06\/devastador-incendio-en-la-plata-una-joven-perdio-todo-y-organizan-una-colecta-para-ayudarla\/#organizationLogo"}},{"@type":"Person","@id":"https:\/\/larealidaddelaplata.com.ar\/index.php\/author\/julian_ibarrola\/#author","url":"https:\/\/larealidaddelaplata.com.ar\/index.php\/author\/julian_ibarrola\/","name":"Julian I","image":{"@type":"ImageObject","@id":"https:\/\/larealidaddelaplata.com.ar\/index.php\/2026\/08\/06\/devastador-incendio-en-la-plata-una-joven-perdio-todo-y-organizan-una-colecta-para-ayudarla\/#authorImage","url":"https:\/\/secure.gravatar.com\/avatar\/7771209082b3e5bb400c4977362cbab150b08c7199fffcd6a227c0b2fbe17c9c?s=96&d=mm&r=g","width":96,"height":96,"caption":"Julian I"}},{"@type":"WebPage","@id":"https:\/\/larealidaddelaplata.com.ar\/index.php\/2026\/08\/06\/devastador-incendio-en-la-plata-una-joven-perdio-todo-y-organizan-una-colecta-para-ayudarla\/#webpage","url":"https:\/\/larealidaddelaplata.com.ar\/index.php\/2026\/08\/06\/devastador-incendio-en-la-plata-una-joven-perdio-todo-y-organizan-una-colecta-para-ayudarla\/","name":"Devastador incendio en La Plata: una joven perdi\u00f3 todo y organizan una colecta para ayudarla | larealidaddelaplata.com.ar","description":"Una joven platense llamada Abril perdi\u00f3 absolutamente todas sus pertenencias luego de que un feroz incendio destruyera su departamento, ubicado en la intersecci\u00f3n de las calles 7 y 55, durante la noche del martes. Afortunadamente, tanto ella como su mascota lograron salir ilesos del lugar. El dram\u00e1tico episodio comenz\u00f3 mientras la estudiante de Derecho se","inLanguage":"es-AR","isPartOf":{"@id":"https:\/\/larealidaddelaplata.com.ar\/#website"},"breadcrumb":{"@id":"https:\/\/larealidaddelaplata.com.ar\/index.php\/2026\/08\/06\/devastador-incendio-en-la-plata-una-joven-perdio-todo-y-organizan-una-colecta-para-ayudarla\/#breadcrumblist"},"author":{"@id":"https:\/\/larealidaddelaplata.com.ar\/index.php\/author\/julian_ibarrola\/#author"},"creator":{"@id":"https:\/\/larealidaddelaplata.com.ar\/index.php\/author\/julian_ibarrola\/#author"},"image":{"@type":"ImageObject","url":"https:\/\/larealidaddelaplata.com.ar\/wp-content\/uploads\/2026\/08\/diseno-titulo-e1786054206181.webp","@id":"https:\/\/larealidaddelaplata.com.ar\/index.php\/2026\/08\/06\/devastador-incendio-en-la-plata-una-joven-perdio-todo-y-organizan-una-colecta-para-ayudarla\/#mainImage","width":800,"height":469},"primaryImageOfPage":{"@id":"https:\/\/larealidaddelaplata.com.ar\/index.php\/2026\/08\/06\/devastador-incendio-en-la-plata-una-joven-perdio-todo-y-organizan-una-colecta-para-ayudarla\/#mainImage"},"datePublished":"2026-08-06T19:10:13-03:00","dateModified":"2026-08-06T19:10:15-03:00"},{"@type":"WebSite","@id":"https:\/\/larealidaddelaplata.com.ar\/#website","url":"https:\/\/larealidaddelaplata.com.ar\/","name":"La Realidad de La Plata","description":"Tu portal de noticias sobre la realidad la Provincia de Buenos Aires y La Plata","inLanguage":"es-AR","publisher":{"@id":"https:\/\/larealidaddelaplata.com.ar\/#organization"}}]}},"aioseo_meta_data":{"post_id":"5694","title":null,"description":null,"keywords":null,"keyphrases":null,"primary_term":null,"canonical_url":null,"og_title":null,"og_description":null,"og_object_type":"default","og_image_type":"default","og_image_url":null,"og_image_width":null,"og_image_height":null,"og_image_custom_url":null,"og_image_custom_fields":null,"og_video":null,"og_custom_url":null,"og_article_section":null,"og_article_tags":null,"twitter_use_og":false,"twitter_card":"default","twitter_image_type":"default","twitter_image_url":null,"twitter_image_custom_url":null,"twitter_image_custom_fields":null,"twitter_title":null,"twitter_description":null,"schema":{"blockGraphs":[],"customGraphs":[],"default":{"data":{"Article":[],"Course":[],"Dataset":[],"FAQPage":[],"Movie":[],"Person":[],"Product":[],"ProductReview":[],"Car":[],"Recipe":[],"Service":[],"SoftwareApplication":[],"WebPage":[]},"graphName":"WebPage","isEnabled":true},"graphs":[]},"schema_type":null,"schema_type_options":null,"pillar_content":false,"robots_default":true,"robots_noindex":false,"robots_noarchive":false,"robots_nosnippet":false,"robots_nofollow":false,"robots_noimageindex":false,"robots_noodp":false,"robots_notranslate":false,"robots_max_snippet":null,"robots_max_videopreview":null,"robots_max_imagepreview":"large","priority":null,"frequency":null,"location":null,"local_seo":null,"breadcrumb_settings":null,"limit_modified_date":false,"ai":null,"created":"2021-04-09 13:35:42","updated":"2022-12-20 17:38:08","seo_analyzer_scan_date":null,"focus_keyword":null,"additional_keywords":null,"truseo_locale":null},"_links":{"self":[{"href":"https:\/\/larealidaddelaplata.com.ar\/index.php\/wp-json\/wp\/v2\/pages\/5694","targetHints":{"allow":["GET"]}}],"collection":[{"href":"https:\/\/larealidaddelaplata.com.ar\/index.php\/wp-json\/wp\/v2\/pages"}],"about":[{"href":"https:\/\/larealidaddelaplata.com.ar\/index.php\/wp-json\/wp\/v2\/types\/page"}],"author":[{"embeddable":true,"href":"https:\/\/larealidaddelaplata.com.ar\/index.php\/wp-json\/wp\/v2\/users\/1"}],"replies":[{"embeddable":true,"href":"https:\/\/larealidaddelaplata.com.ar\/index.php\/wp-json\/wp\/v2\/comments?post=5694"}],"version-history":[{"count":6,"href":"https:\/\/larealidaddelaplata.com.ar\/index.php\/wp-json\/wp\/v2\/pages\/5694\/revisions"}],"predecessor-version":[{"id":24438,"href":"https:\/\/larealidaddelaplata.com.ar\/index.php\/wp-json\/wp\/v2\/pages\/5694\/revisions\/24438"}],"wp:attachment":[{"href":"https:\/\/larealidaddelaplata.com.ar\/index.php\/wp-json\/wp\/v2\/media?parent=5694"}],"curies":[{"name":"wp","href":"https:\/\/api.w.org\/{rel}","templated":true}]}}