{"id":5719,"date":"2021-01-30T03:41:58","date_gmt":"2021-01-30T06:41:58","guid":{"rendered":"http:\/\/larealidaddelaplata.com.ar\/?page_id=5719"},"modified":"2022-09-22T12:01:23","modified_gmt":"2022-09-22T15:01:23","slug":"provincia","status":"publish","type":"page","link":"https:\/\/larealidaddelaplata.com.ar\/index.php\/provincia\/","title":{"rendered":"Provincia"},"content":{"rendered":"\t\t<div data-elementor-type=\"wp-page\" data-elementor-id=\"5719\" class=\"elementor elementor-5719\" data-elementor-settings=\"[]\">\n\t\t\t\t\t\t<div class=\"elementor-inner\">\n\t\t\t\t\t\t\t<div class=\"elementor-section-wrap\">\n\t\t\t\t\t\t\t<section data-particle_enable=\"false\" data-particle-mobile-disabled=\"false\" class=\"elementor-section elementor-top-section elementor-element elementor-element-584f15a3 elementor-section-stretched elementor-section-full_width elementor-section-height-default elementor-section-height-default\" data-id=\"584f15a3\" data-element_type=\"section\" data-settings=\"{&quot;stretch_section&quot;:&quot;section-stretched&quot;,&quot;background_background&quot;:&quot;classic&quot;}\">\n\t\t\t\t\t\t<div class=\"elementor-container elementor-column-gap-no\">\n\t\t\t\t\t\t\t<div class=\"elementor-row\">\n\t\t\t\t\t<div class=\"elementor-column elementor-col-100 elementor-top-column elementor-element elementor-element-1fb89b8e\" data-id=\"1fb89b8e\" data-element_type=\"column\">\n\t\t\t<div class=\"elementor-column-wrap elementor-element-populated\">\n\t\t\t\t\t\t\t<div class=\"elementor-widget-wrap\">\n\t\t\t\t\t\t<div class=\"elementor-element elementor-element-21ec6f0b elementor-widget elementor-widget-heading\" data-id=\"21ec6f0b\" data-element_type=\"widget\" data-widget_type=\"heading.default\">\n\t\t\t\t<div class=\"elementor-widget-container\">\n\t\t\t<h1 class=\"elementor-heading-title elementor-size-xxl\">BUENOS AIRES<\/h1>\t\t<\/div>\n\t\t\t\t<\/div>\n\t\t\t\t<div class=\"elementor-element elementor-element-0ba600e elementor-widget elementor-widget-html\" data-id=\"0ba600e\" data-element_type=\"widget\" data-widget_type=\"html.default\">\n\t\t\t\t<div class=\"elementor-widget-container\">\n\t\t\t<center><div class=\"a-single a-4\"><a href=\"https:\/\/www.bancoprovincia.com.ar\/Noticias\/MasNoticias\/cuenta-dni-subio-la-tasa-de-plazo-fijo-al-48-anual-1855\"><img decoding=\"async\" src=\"https:\/\/larealidaddelaplata.com.ar\/wp-content\/uploads\/2025\/08\/BP_PF_300x250_1px.gif\" \/><\/a><\/div><\/center>\t\t<\/div>\n\t\t\t\t<\/div>\n\t\t\t\t\t\t<\/div>\n\t\t\t\t\t<\/div>\n\t\t<\/div>\n\t\t\t\t\t\t\t\t<\/div>\n\t\t\t\t\t<\/div>\n\t\t<\/section>\n\t\t\t\t<section data-particle_enable=\"false\" data-particle-mobile-disabled=\"false\" class=\"elementor-section elementor-top-section elementor-element elementor-element-19737fcb elementor-section-stretched elementor-section-boxed elementor-section-height-default elementor-section-height-default\" data-id=\"19737fcb\" data-element_type=\"section\" data-settings=\"{&quot;stretch_section&quot;:&quot;section-stretched&quot;}\">\n\t\t\t\t\t\t<div class=\"elementor-container elementor-column-gap-default\">\n\t\t\t\t\t\t\t<div class=\"elementor-row\">\n\t\t\t\t\t<div class=\"elementor-column elementor-col-100 elementor-top-column elementor-element elementor-element-1ff5c5e2\" data-id=\"1ff5c5e2\" data-element_type=\"column\">\n\t\t\t<div class=\"elementor-column-wrap elementor-element-populated\">\n\t\t\t\t\t\t\t<div class=\"elementor-widget-wrap\">\n\t\t\t\t\t\t<div class=\"elementor-element elementor-element-43f67020 elementor-grid-3 elementor-grid-tablet-2 elementor-grid-mobile-1 elementor-posts--thumbnail-top elementor-widget elementor-widget-posts\" data-id=\"43f67020\" data-element_type=\"widget\" data-settings=\"{&quot;pagination_type&quot;:&quot;numbers_and_prev_next&quot;,&quot;classic_columns&quot;:&quot;3&quot;,&quot;classic_columns_tablet&quot;:&quot;2&quot;,&quot;classic_columns_mobile&quot;:&quot;1&quot;,&quot;classic_row_gap&quot;:{&quot;unit&quot;:&quot;px&quot;,&quot;size&quot;:35,&quot;sizes&quot;:[]},&quot;classic_row_gap_tablet&quot;:{&quot;unit&quot;:&quot;px&quot;,&quot;size&quot;:&quot;&quot;,&quot;sizes&quot;:[]},&quot;classic_row_gap_mobile&quot;:{&quot;unit&quot;:&quot;px&quot;,&quot;size&quot;:&quot;&quot;,&quot;sizes&quot;:[]}}\" data-widget_type=\"posts.classic\">\n\t\t\t\t<div class=\"elementor-widget-container\">\n\t\t\t\t\t<div class=\"elementor-posts-container elementor-posts elementor-posts--skin-classic elementor-grid\">\n\t\t\t\t<article class=\"elementor-post elementor-grid-item post-42465 post type-post status-publish format-standard has-post-thumbnail hentry category-provincia\">\n\t\t\t\t<a class=\"elementor-post__thumbnail__link\" href=\"https:\/\/larealidaddelaplata.com.ar\/index.php\/2026\/04\/29\/denunciaron-por-abuso-sexual-a-un-profesor-de-boxeo-de-estudiantes-de-la-plata-a\/\" >\n\t\t\t<div class=\"elementor-post__thumbnail\"><img loading=\"lazy\" decoding=\"async\" width=\"300\" height=\"169\" src=\"https:\/\/larealidaddelaplata.com.ar\/wp-content\/uploads\/2026\/04\/image-2-300x169.jpeg\" class=\"attachment-medium size-medium\" alt=\"\" \/><\/div>\n\t\t<\/a>\n\t\t\t\t<div class=\"elementor-post__text\">\n\t\t\t\t<h3 class=\"elementor-post__title\">\n\t\t\t<a href=\"https:\/\/larealidaddelaplata.com.ar\/index.php\/2026\/04\/29\/denunciaron-por-abuso-sexual-a-un-profesor-de-boxeo-de-estudiantes-de-la-plata-a\/\" >\n\t\t\t\tDenunciaron por abuso sexual a un profesor de boxeo de Estudiantes de La Plata a\t\t\t<\/a>\n\t\t<\/h3>\n\t\t\t\t<div class=\"elementor-post__meta-data\">\n\t\t\t\t\t<span class=\"elementor-post-date\">\n\t\t\t29 abril, 2026\t\t<\/span>\n\t\t\t\t<\/div>\n\t\t\t\t<\/div>\n\t\t\t\t<\/article>\n\t\t\t\t<article class=\"elementor-post elementor-grid-item post-42463 post type-post status-publish format-standard has-post-thumbnail hentry category-provincia\">\n\t\t\t\t<a class=\"elementor-post__thumbnail__link\" href=\"https:\/\/larealidaddelaplata.com.ar\/index.php\/2026\/04\/29\/estudiantes-vs-flamengo-por-la-copa-libertadores-2026-hora-tv-y-formaciones\/\" >\n\t\t\t<div class=\"elementor-post__thumbnail\"><img loading=\"lazy\" decoding=\"async\" width=\"300\" height=\"169\" src=\"https:\/\/larealidaddelaplata.com.ar\/wp-content\/uploads\/2026\/04\/Estudiantes-de-La-Plata-COpa-Libertadores-empato-300x169.jpg\" class=\"attachment-medium size-medium\" alt=\"\" \/><\/div>\n\t\t<\/a>\n\t\t\t\t<div class=\"elementor-post__text\">\n\t\t\t\t<h3 class=\"elementor-post__title\">\n\t\t\t<a href=\"https:\/\/larealidaddelaplata.com.ar\/index.php\/2026\/04\/29\/estudiantes-vs-flamengo-por-la-copa-libertadores-2026-hora-tv-y-formaciones\/\" >\n\t\t\t\tEstudiantes vs. Flamengo por la Copa Libertadores 2026: hora, TV y formaciones\t\t\t<\/a>\n\t\t<\/h3>\n\t\t\t\t<div class=\"elementor-post__meta-data\">\n\t\t\t\t\t<span class=\"elementor-post-date\">\n\t\t\t29 abril, 2026\t\t<\/span>\n\t\t\t\t<\/div>\n\t\t\t\t<\/div>\n\t\t\t\t<\/article>\n\t\t\t\t<article class=\"elementor-post elementor-grid-item post-42459 post type-post status-publish format-standard has-post-thumbnail hentry category-provincia\">\n\t\t\t\t<a class=\"elementor-post__thumbnail__link\" href=\"https:\/\/larealidaddelaplata.com.ar\/index.php\/2026\/04\/28\/duelo-clave-en-la-libertadores-estudiantes-define-el-equipo-para-recibir-a-flamengo\/\" >\n\t\t\t<div class=\"elementor-post__thumbnail\"><img loading=\"lazy\" decoding=\"async\" width=\"300\" height=\"169\" src=\"https:\/\/larealidaddelaplata.com.ar\/wp-content\/uploads\/2026\/04\/alexander-cacique-medina-talleres_1440x810-300x169.webp\" class=\"attachment-medium size-medium\" alt=\"\" \/><\/div>\n\t\t<\/a>\n\t\t\t\t<div class=\"elementor-post__text\">\n\t\t\t\t<h3 class=\"elementor-post__title\">\n\t\t\t<a href=\"https:\/\/larealidaddelaplata.com.ar\/index.php\/2026\/04\/28\/duelo-clave-en-la-libertadores-estudiantes-define-el-equipo-para-recibir-a-flamengo\/\" >\n\t\t\t\tDuelo clave en la Libertadores: Estudiantes define el equipo para recibir a Flamengo\t\t\t<\/a>\n\t\t<\/h3>\n\t\t\t\t<div class=\"elementor-post__meta-data\">\n\t\t\t\t\t<span class=\"elementor-post-date\">\n\t\t\t28 abril, 2026\t\t<\/span>\n\t\t\t\t<\/div>\n\t\t\t\t<\/div>\n\t\t\t\t<\/article>\n\t\t\t\t<article class=\"elementor-post elementor-grid-item post-42452 post type-post status-publish format-standard has-post-thumbnail hentry category-provincia\">\n\t\t\t\t<a class=\"elementor-post__thumbnail__link\" href=\"https:\/\/larealidaddelaplata.com.ar\/index.php\/2026\/04\/28\/gimnasia-ya-clasifico-a-los-playoffs-y-ahora-espera-por-argentinos\/\" >\n\t\t\t<div class=\"elementor-post__thumbnail\"><img loading=\"lazy\" decoding=\"async\" width=\"300\" height=\"200\" src=\"https:\/\/larealidaddelaplata.com.ar\/wp-content\/uploads\/2026\/04\/image-10-300x200.png\" class=\"attachment-medium size-medium\" alt=\"\" \/><\/div>\n\t\t<\/a>\n\t\t\t\t<div class=\"elementor-post__text\">\n\t\t\t\t<h3 class=\"elementor-post__title\">\n\t\t\t<a href=\"https:\/\/larealidaddelaplata.com.ar\/index.php\/2026\/04\/28\/gimnasia-ya-clasifico-a-los-playoffs-y-ahora-espera-por-argentinos\/\" >\n\t\t\t\tGimnasia ya clasific\u00f3 a los playoffs y ahora espera por Argentinos\t\t\t<\/a>\n\t\t<\/h3>\n\t\t\t\t<div class=\"elementor-post__meta-data\">\n\t\t\t\t\t<span class=\"elementor-post-date\">\n\t\t\t28 abril, 2026\t\t<\/span>\n\t\t\t\t<\/div>\n\t\t\t\t<\/div>\n\t\t\t\t<\/article>\n\t\t\t\t<article class=\"elementor-post elementor-grid-item post-42449 post type-post status-publish format-standard has-post-thumbnail hentry category-provincia\">\n\t\t\t\t<a class=\"elementor-post__thumbnail__link\" href=\"https:\/\/larealidaddelaplata.com.ar\/index.php\/2026\/04\/28\/neymar-muy-cerca-de-estudiantes-se-mostro-con-una-camiseta-del-pincha\/\" >\n\t\t\t<div class=\"elementor-post__thumbnail\"><img loading=\"lazy\" decoding=\"async\" width=\"300\" height=\"291\" src=\"https:\/\/larealidaddelaplata.com.ar\/wp-content\/uploads\/2026\/04\/image-9-300x291.png\" class=\"attachment-medium size-medium\" alt=\"\" \/><\/div>\n\t\t<\/a>\n\t\t\t\t<div class=\"elementor-post__text\">\n\t\t\t\t<h3 class=\"elementor-post__title\">\n\t\t\t<a href=\"https:\/\/larealidaddelaplata.com.ar\/index.php\/2026\/04\/28\/neymar-muy-cerca-de-estudiantes-se-mostro-con-una-camiseta-del-pincha\/\" >\n\t\t\t\tNeymar muy cerca de Estudiantes: se mostr\u00f3 con una camiseta del Pincha\t\t\t<\/a>\n\t\t<\/h3>\n\t\t\t\t<div class=\"elementor-post__meta-data\">\n\t\t\t\t\t<span class=\"elementor-post-date\">\n\t\t\t28 abril, 2026\t\t<\/span>\n\t\t\t\t<\/div>\n\t\t\t\t<\/div>\n\t\t\t\t<\/article>\n\t\t\t\t<article class=\"elementor-post elementor-grid-item post-42442 post type-post status-publish format-standard has-post-thumbnail hentry category-provincia\">\n\t\t\t\t<a class=\"elementor-post__thumbnail__link\" href=\"https:\/\/larealidaddelaplata.com.ar\/index.php\/2026\/04\/27\/la-municipalidad-difundio-medidas-para-prevenir-intoxicaciones-por-monoxido-de-carbono\/\" >\n\t\t\t<div class=\"elementor-post__thumbnail\"><img loading=\"lazy\" decoding=\"async\" width=\"300\" height=\"200\" src=\"https:\/\/larealidaddelaplata.com.ar\/wp-content\/uploads\/2026\/04\/5729135641844860310-300x200.jpeg\" class=\"attachment-medium size-medium\" alt=\"\" \/><\/div>\n\t\t<\/a>\n\t\t\t\t<div class=\"elementor-post__text\">\n\t\t\t\t<h3 class=\"elementor-post__title\">\n\t\t\t<a href=\"https:\/\/larealidaddelaplata.com.ar\/index.php\/2026\/04\/27\/la-municipalidad-difundio-medidas-para-prevenir-intoxicaciones-por-monoxido-de-carbono\/\" >\n\t\t\t\tLa Municipalidad difundi\u00f3 medidas para prevenir intoxicaciones por mon\u00f3xido de carbono\t\t\t<\/a>\n\t\t<\/h3>\n\t\t\t\t<div class=\"elementor-post__meta-data\">\n\t\t\t\t\t<span class=\"elementor-post-date\">\n\t\t\t27 abril, 2026\t\t<\/span>\n\t\t\t\t<\/div>\n\t\t\t\t<\/div>\n\t\t\t\t<\/article>\n\t\t\t\t<article class=\"elementor-post elementor-grid-item post-42439 post type-post status-publish format-standard has-post-thumbnail hentry category-provincia\">\n\t\t\t\t<a class=\"elementor-post__thumbnail__link\" href=\"https:\/\/larealidaddelaplata.com.ar\/index.php\/2026\/04\/27\/fiebre-mundialista-salio-el-album-de-figuritas-y-se-lanzo-las-figuritas-virtuales\/\" >\n\t\t\t<div class=\"elementor-post__thumbnail\"><img loading=\"lazy\" decoding=\"async\" width=\"300\" height=\"196\" src=\"https:\/\/larealidaddelaplata.com.ar\/wp-content\/uploads\/2026\/04\/image-1-300x196.jpeg\" class=\"attachment-medium size-medium\" alt=\"\" \/><\/div>\n\t\t<\/a>\n\t\t\t\t<div class=\"elementor-post__text\">\n\t\t\t\t<h3 class=\"elementor-post__title\">\n\t\t\t<a href=\"https:\/\/larealidaddelaplata.com.ar\/index.php\/2026\/04\/27\/fiebre-mundialista-salio-el-album-de-figuritas-y-se-lanzo-las-figuritas-virtuales\/\" >\n\t\t\t\tFiebre mundialista: sali\u00f3 el \u00e1lbum de figuritas y se lanz\u00f3 las figuritas virtuales\t\t\t<\/a>\n\t\t<\/h3>\n\t\t\t\t<div class=\"elementor-post__meta-data\">\n\t\t\t\t\t<span class=\"elementor-post-date\">\n\t\t\t27 abril, 2026\t\t<\/span>\n\t\t\t\t<\/div>\n\t\t\t\t<\/div>\n\t\t\t\t<\/article>\n\t\t\t\t<article class=\"elementor-post elementor-grid-item post-42437 post type-post status-publish format-standard has-post-thumbnail hentry category-provincia\">\n\t\t\t\t<a class=\"elementor-post__thumbnail__link\" href=\"https:\/\/larealidaddelaplata.com.ar\/index.php\/2026\/04\/27\/gimnasia-gano-en-cordoba-sumo-su-quinta-victoria-al-hilo-y-quedo-cerca-de-los-playoffs\/\" >\n\t\t\t<div class=\"elementor-post__thumbnail\"><img loading=\"lazy\" decoding=\"async\" width=\"300\" height=\"210\" src=\"https:\/\/larealidaddelaplata.com.ar\/wp-content\/uploads\/2026\/01\/Barros-gimnasia-ruso-vamos-lobo-300x210.jpg\" class=\"attachment-medium size-medium\" alt=\"\" \/><\/div>\n\t\t<\/a>\n\t\t\t\t<div class=\"elementor-post__text\">\n\t\t\t\t<h3 class=\"elementor-post__title\">\n\t\t\t<a href=\"https:\/\/larealidaddelaplata.com.ar\/index.php\/2026\/04\/27\/gimnasia-gano-en-cordoba-sumo-su-quinta-victoria-al-hilo-y-quedo-cerca-de-los-playoffs\/\" >\n\t\t\t\tGimnasia gan\u00f3 en C\u00f3rdoba, sum\u00f3 su quinta victoria al hilo y qued\u00f3 cerca de los playoffs\t\t\t<\/a>\n\t\t<\/h3>\n\t\t\t\t<div class=\"elementor-post__meta-data\">\n\t\t\t\t\t<span class=\"elementor-post-date\">\n\t\t\t27 abril, 2026\t\t<\/span>\n\t\t\t\t<\/div>\n\t\t\t\t<\/div>\n\t\t\t\t<\/article>\n\t\t\t\t<article class=\"elementor-post elementor-grid-item post-42409 post type-post status-publish format-standard has-post-thumbnail hentry category-provincia\">\n\t\t\t\t<a class=\"elementor-post__thumbnail__link\" href=\"https:\/\/larealidaddelaplata.com.ar\/index.php\/2026\/04\/23\/la-plata-vuelve-a-marchar-por-la-universidad-publica-antorchas-en-defensa-de-la-educacion\/\" >\n\t\t\t<div class=\"elementor-post__thumbnail\"><img loading=\"lazy\" decoding=\"async\" width=\"300\" height=\"200\" src=\"https:\/\/larealidaddelaplata.com.ar\/wp-content\/uploads\/2024\/06\/UNLP-Marcha-antorchas-300x200.jpg\" class=\"attachment-medium size-medium\" alt=\"\" \/><\/div>\n\t\t<\/a>\n\t\t\t\t<div class=\"elementor-post__text\">\n\t\t\t\t<h3 class=\"elementor-post__title\">\n\t\t\t<a href=\"https:\/\/larealidaddelaplata.com.ar\/index.php\/2026\/04\/23\/la-plata-vuelve-a-marchar-por-la-universidad-publica-antorchas-en-defensa-de-la-educacion\/\" >\n\t\t\t\tLa Plata vuelve a marchar por la universidad p\u00fablica: antorchas en defensa de la educaci\u00f3n\t\t\t<\/a>\n\t\t<\/h3>\n\t\t\t\t<div class=\"elementor-post__meta-data\">\n\t\t\t\t\t<span class=\"elementor-post-date\">\n\t\t\t23 abril, 2026\t\t<\/span>\n\t\t\t\t<\/div>\n\t\t\t\t<\/div>\n\t\t\t\t<\/article>\n\t\t\t\t<article class=\"elementor-post elementor-grid-item post-42406 post type-post status-publish format-standard has-post-thumbnail hentry category-provincia\">\n\t\t\t\t<a class=\"elementor-post__thumbnail__link\" href=\"https:\/\/larealidaddelaplata.com.ar\/index.php\/2026\/04\/23\/gimnasia-se-solto-en-el-segundo-tiempo-goleo-y-sigue-en-la-copa-argentina\/\" >\n\t\t\t<div class=\"elementor-post__thumbnail\"><img loading=\"lazy\" decoding=\"async\" width=\"300\" height=\"200\" src=\"https:\/\/larealidaddelaplata.com.ar\/wp-content\/uploads\/2026\/04\/image-7-300x200.png\" class=\"attachment-medium size-medium\" alt=\"\" \/><\/div>\n\t\t<\/a>\n\t\t\t\t<div class=\"elementor-post__text\">\n\t\t\t\t<h3 class=\"elementor-post__title\">\n\t\t\t<a href=\"https:\/\/larealidaddelaplata.com.ar\/index.php\/2026\/04\/23\/gimnasia-se-solto-en-el-segundo-tiempo-goleo-y-sigue-en-la-copa-argentina\/\" >\n\t\t\t\tGimnasia se solt\u00f3 en el segundo tiempo, gole\u00f3 y sigue en la Copa Argentina\t\t\t<\/a>\n\t\t<\/h3>\n\t\t\t\t<div class=\"elementor-post__meta-data\">\n\t\t\t\t\t<span class=\"elementor-post-date\">\n\t\t\t23 abril, 2026\t\t<\/span>\n\t\t\t\t<\/div>\n\t\t\t\t<\/div>\n\t\t\t\t<\/article>\n\t\t\t\t<article class=\"elementor-post elementor-grid-item post-42400 post type-post status-publish format-standard has-post-thumbnail hentry category-provincia\">\n\t\t\t\t<a class=\"elementor-post__thumbnail__link\" href=\"https:\/\/larealidaddelaplata.com.ar\/index.php\/2026\/04\/22\/un-concejal-dejo-las-fuerzas-del-cielo-y-se-sumo-al-partido-de-diego-gebel-me-saque-una-mochila-cargada-de-piedras\/\" >\n\t\t\t<div class=\"elementor-post__thumbnail\"><img loading=\"lazy\" decoding=\"async\" width=\"300\" height=\"200\" src=\"https:\/\/larealidaddelaplata.com.ar\/wp-content\/uploads\/2026\/04\/image-6-300x200.png\" class=\"attachment-medium size-medium\" alt=\"\" \/><\/div>\n\t\t<\/a>\n\t\t\t\t<div class=\"elementor-post__text\">\n\t\t\t\t<h3 class=\"elementor-post__title\">\n\t\t\t<a href=\"https:\/\/larealidaddelaplata.com.ar\/index.php\/2026\/04\/22\/un-concejal-dejo-las-fuerzas-del-cielo-y-se-sumo-al-partido-de-diego-gebel-me-saque-una-mochila-cargada-de-piedras\/\" >\n\t\t\t\tUn concejal dej\u00f3 &#8220;Las Fuerzas del Cielo&#8221; y se sum\u00f3 al partido de Diego Gebel: &#8220;Me saqu\u00e9 una mochila cargada de piedras&#8221;\t\t\t<\/a>\n\t\t<\/h3>\n\t\t\t\t<div class=\"elementor-post__meta-data\">\n\t\t\t\t\t<span class=\"elementor-post-date\">\n\t\t\t22 abril, 2026\t\t<\/span>\n\t\t\t\t<\/div>\n\t\t\t\t<\/div>\n\t\t\t\t<\/article>\n\t\t\t\t<article class=\"elementor-post elementor-grid-item post-42398 post type-post status-publish format-standard has-post-thumbnail hentry category-provincia\">\n\t\t\t\t<a class=\"elementor-post__thumbnail__link\" href=\"https:\/\/larealidaddelaplata.com.ar\/index.php\/2026\/04\/22\/el-lobo-se-enfrenta-a-acassuso-por-copa-argentina\/\" >\n\t\t\t<div class=\"elementor-post__thumbnail\"><img loading=\"lazy\" decoding=\"async\" width=\"240\" height=\"300\" src=\"https:\/\/larealidaddelaplata.com.ar\/wp-content\/uploads\/2026\/04\/GIMNASIA-SARMIENTO-aaa-240x300.jpg\" class=\"attachment-medium size-medium\" alt=\"\" \/><\/div>\n\t\t<\/a>\n\t\t\t\t<div class=\"elementor-post__text\">\n\t\t\t\t<h3 class=\"elementor-post__title\">\n\t\t\t<a href=\"https:\/\/larealidaddelaplata.com.ar\/index.php\/2026\/04\/22\/el-lobo-se-enfrenta-a-acassuso-por-copa-argentina\/\" >\n\t\t\t\tEl Lobo se enfrenta a Acassuso por Copa Argentina\t\t\t<\/a>\n\t\t<\/h3>\n\t\t\t\t<div class=\"elementor-post__meta-data\">\n\t\t\t\t\t<span class=\"elementor-post-date\">\n\t\t\t22 abril, 2026\t\t<\/span>\n\t\t\t\t<\/div>\n\t\t\t\t<\/div>\n\t\t\t\t<\/article>\n\t\t\t\t<article class=\"elementor-post elementor-grid-item post-42390 post type-post status-publish format-standard has-post-thumbnail hentry category-provincia\">\n\t\t\t\t<a class=\"elementor-post__thumbnail__link\" href=\"https:\/\/larealidaddelaplata.com.ar\/index.php\/2026\/04\/21\/pereyra-mete-mano-fuerte-gimnasia-cambia-medio-equipo-para-ir-por-la-copa-argentina\/\" >\n\t\t\t<div class=\"elementor-post__thumbnail\"><img loading=\"lazy\" decoding=\"async\" width=\"300\" height=\"176\" src=\"https:\/\/larealidaddelaplata.com.ar\/wp-content\/uploads\/2026\/04\/entrenamiento-gimnasia-pereyra-2-300x176.webp\" class=\"attachment-medium size-medium\" alt=\"\" \/><\/div>\n\t\t<\/a>\n\t\t\t\t<div class=\"elementor-post__text\">\n\t\t\t\t<h3 class=\"elementor-post__title\">\n\t\t\t<a href=\"https:\/\/larealidaddelaplata.com.ar\/index.php\/2026\/04\/21\/pereyra-mete-mano-fuerte-gimnasia-cambia-medio-equipo-para-ir-por-la-copa-argentina\/\" >\n\t\t\t\tPereyra mete mano fuerte: Gimnasia cambia medio equipo para ir por la Copa Argentina\t\t\t<\/a>\n\t\t<\/h3>\n\t\t\t\t<div class=\"elementor-post__meta-data\">\n\t\t\t\t\t<span class=\"elementor-post-date\">\n\t\t\t21 abril, 2026\t\t<\/span>\n\t\t\t\t<\/div>\n\t\t\t\t<\/div>\n\t\t\t\t<\/article>\n\t\t\t\t<article class=\"elementor-post elementor-grid-item post-42387 post type-post status-publish format-standard has-post-thumbnail hentry category-provincia\">\n\t\t\t\t<a class=\"elementor-post__thumbnail__link\" href=\"https:\/\/larealidaddelaplata.com.ar\/index.php\/2026\/04\/21\/la-plata-encontraron-a-una-joven-dentro-de-un-zanjon-estaba-en-shock-y-no-recordaba-como-llego\/\" >\n\t\t\t<div class=\"elementor-post__thumbnail\"><img loading=\"lazy\" decoding=\"async\" width=\"300\" height=\"255\" src=\"https:\/\/larealidaddelaplata.com.ar\/wp-content\/uploads\/2026\/04\/Zanja-descampado-300x255.jpg\" class=\"attachment-medium size-medium\" alt=\"\" \/><\/div>\n\t\t<\/a>\n\t\t\t\t<div class=\"elementor-post__text\">\n\t\t\t\t<h3 class=\"elementor-post__title\">\n\t\t\t<a href=\"https:\/\/larealidaddelaplata.com.ar\/index.php\/2026\/04\/21\/la-plata-encontraron-a-una-joven-dentro-de-un-zanjon-estaba-en-shock-y-no-recordaba-como-llego\/\" >\n\t\t\t\tLa Plata: encontraron a una joven dentro de un zanj\u00f3n, estaba en shock y no recordaba c\u00f3mo lleg\u00f3\t\t\t<\/a>\n\t\t<\/h3>\n\t\t\t\t<div class=\"elementor-post__meta-data\">\n\t\t\t\t\t<span class=\"elementor-post-date\">\n\t\t\t21 abril, 2026\t\t<\/span>\n\t\t\t\t<\/div>\n\t\t\t\t<\/div>\n\t\t\t\t<\/article>\n\t\t\t\t<article class=\"elementor-post elementor-grid-item post-42383 post type-post status-publish format-standard has-post-thumbnail hentry category-provincia\">\n\t\t\t\t<a class=\"elementor-post__thumbnail__link\" href=\"https:\/\/larealidaddelaplata.com.ar\/index.php\/2026\/04\/21\/horror-en-melchor-romero-un-adolescente-denuncio-violencia-torturas-y-venta-de-droga\/\" >\n\t\t\t<div class=\"elementor-post__thumbnail\"><img loading=\"lazy\" decoding=\"async\" width=\"300\" height=\"200\" src=\"https:\/\/larealidaddelaplata.com.ar\/wp-content\/uploads\/2026\/04\/el-hospital-dr-alejandro-korn-en-melchor-T7QEJKSVBNC5FOS6PI74WAJWOI.jpg-300x200.avif\" class=\"attachment-medium size-medium\" alt=\"\" \/><\/div>\n\t\t<\/a>\n\t\t\t\t<div class=\"elementor-post__text\">\n\t\t\t\t<h3 class=\"elementor-post__title\">\n\t\t\t<a href=\"https:\/\/larealidaddelaplata.com.ar\/index.php\/2026\/04\/21\/horror-en-melchor-romero-un-adolescente-denuncio-violencia-torturas-y-venta-de-droga\/\" >\n\t\t\t\tHorror en Melchor Romero: un adolescente denunci\u00f3 violencia, torturas y venta de droga\t\t\t<\/a>\n\t\t<\/h3>\n\t\t\t\t<div class=\"elementor-post__meta-data\">\n\t\t\t\t\t<span class=\"elementor-post-date\">\n\t\t\t21 abril, 2026\t\t<\/span>\n\t\t\t\t<\/div>\n\t\t\t\t<\/div>\n\t\t\t\t<\/article>\n\t\t\t\t<article class=\"elementor-post elementor-grid-item post-42374 post type-post status-publish format-standard has-post-thumbnail hentry category-provincia\">\n\t\t\t\t<a class=\"elementor-post__thumbnail__link\" href=\"https:\/\/larealidaddelaplata.com.ar\/index.php\/2026\/04\/20\/no-me-gasto-en-mentiras-eduardo-dominguez-planta-bandera-y-descarta-su-salida-del-mineiro\/\" >\n\t\t\t<div class=\"elementor-post__thumbnail\"><img loading=\"lazy\" decoding=\"async\" width=\"300\" height=\"200\" src=\"https:\/\/larealidaddelaplata.com.ar\/wp-content\/uploads\/2026\/04\/eduardo-dominguez-en-su-primer-entrenamiento-al-LYBCB5Q2MNBJ7GRU6ZU3BP47YM-300x200.avif\" class=\"attachment-medium size-medium\" alt=\"\" \/><\/div>\n\t\t<\/a>\n\t\t\t\t<div class=\"elementor-post__text\">\n\t\t\t\t<h3 class=\"elementor-post__title\">\n\t\t\t<a href=\"https:\/\/larealidaddelaplata.com.ar\/index.php\/2026\/04\/20\/no-me-gasto-en-mentiras-eduardo-dominguez-planta-bandera-y-descarta-su-salida-del-mineiro\/\" >\n\t\t\t\t&#8220;No me gasto en mentiras&#8221;: Eduardo Dom\u00ednguez planta bandera y descarta su salida del Mineiro\t\t\t<\/a>\n\t\t<\/h3>\n\t\t\t\t<div class=\"elementor-post__meta-data\">\n\t\t\t\t\t<span class=\"elementor-post-date\">\n\t\t\t20 abril, 2026\t\t<\/span>\n\t\t\t\t<\/div>\n\t\t\t\t<\/div>\n\t\t\t\t<\/article>\n\t\t\t\t<article class=\"elementor-post elementor-grid-item post-42371 post type-post status-publish format-standard has-post-thumbnail hentry category-provincia\">\n\t\t\t\t<a class=\"elementor-post__thumbnail__link\" href=\"https:\/\/larealidaddelaplata.com.ar\/index.php\/2026\/04\/20\/marihuana-y-tablets-de-educacion-la-pelea-de-una-pareja-dejo-al-descubierto-un-hallazgo\/\" >\n\t\t\t<div class=\"elementor-post__thumbnail\"><img loading=\"lazy\" decoding=\"async\" width=\"225\" height=\"300\" src=\"https:\/\/larealidaddelaplata.com.ar\/wp-content\/uploads\/2026\/04\/image-225x300.jpeg\" class=\"attachment-medium size-medium\" alt=\"\" \/><\/div>\n\t\t<\/a>\n\t\t\t\t<div class=\"elementor-post__text\">\n\t\t\t\t<h3 class=\"elementor-post__title\">\n\t\t\t<a href=\"https:\/\/larealidaddelaplata.com.ar\/index.php\/2026\/04\/20\/marihuana-y-tablets-de-educacion-la-pelea-de-una-pareja-dejo-al-descubierto-un-hallazgo\/\" >\n\t\t\t\tMarihuana y tablets de Educaci\u00f3n: la pelea de una pareja dej\u00f3 al descubierto un hallazgo\t\t\t<\/a>\n\t\t<\/h3>\n\t\t\t\t<div class=\"elementor-post__meta-data\">\n\t\t\t\t\t<span class=\"elementor-post-date\">\n\t\t\t20 abril, 2026\t\t<\/span>\n\t\t\t\t<\/div>\n\t\t\t\t<\/div>\n\t\t\t\t<\/article>\n\t\t\t\t<article class=\"elementor-post elementor-grid-item post-42368 post type-post status-publish format-standard has-post-thumbnail hentry category-provincia\">\n\t\t\t\t<a class=\"elementor-post__thumbnail__link\" href=\"https:\/\/larealidaddelaplata.com.ar\/index.php\/2026\/04\/20\/las-5-mejores-peliculas-de-luis-brandoni-para-recordar-al-gran-actor-argentino\/\" >\n\t\t\t<div class=\"elementor-post__thumbnail\"><img loading=\"lazy\" decoding=\"async\" width=\"300\" height=\"176\" src=\"https:\/\/larealidaddelaplata.com.ar\/wp-content\/uploads\/2026\/04\/tres-empandas-brandoni-300x176.jpg\" class=\"attachment-medium size-medium\" alt=\"\" \/><\/div>\n\t\t<\/a>\n\t\t\t\t<div class=\"elementor-post__text\">\n\t\t\t\t<h3 class=\"elementor-post__title\">\n\t\t\t<a href=\"https:\/\/larealidaddelaplata.com.ar\/index.php\/2026\/04\/20\/las-5-mejores-peliculas-de-luis-brandoni-para-recordar-al-gran-actor-argentino\/\" >\n\t\t\t\tLas 5 mejores pel\u00edculas de Luis Brandoni para recordar al gran actor argentino\t\t\t<\/a>\n\t\t<\/h3>\n\t\t\t\t<div class=\"elementor-post__meta-data\">\n\t\t\t\t\t<span class=\"elementor-post-date\">\n\t\t\t20 abril, 2026\t\t<\/span>\n\t\t\t\t<\/div>\n\t\t\t\t<\/div>\n\t\t\t\t<\/article>\n\t\t\t\t<\/div>\n\n\n\t\t\n\t\t\t\t<div class=\"e-load-more-anchor\" data-page=\"1\" data-max-page=\"164\" data-next-page=\"https:\/\/larealidaddelaplata.com.ar\/index.php\/wp-json\/wp\/v2\/pages\/5719\/page\/2\/\"><\/div>\n\t\t\t\t<nav class=\"elementor-pagination\" role=\"navigation\" aria-label=\"Pagination\">\n\t\t\t<span class=\"page-numbers prev\">&laquo; Antes<\/span>\n<span aria-current=\"page\" class=\"page-numbers current\"><span class=\"elementor-screen-only\">Page<\/span>1<\/span>\n<a class=\"page-numbers\" href=\"https:\/\/larealidaddelaplata.com.ar\/index.php\/wp-json\/wp\/v2\/pages\/5719\/page\/2\/\"><span class=\"elementor-screen-only\">Page<\/span>2<\/a>\n<a class=\"page-numbers\" href=\"https:\/\/larealidaddelaplata.com.ar\/index.php\/wp-json\/wp\/v2\/pages\/5719\/page\/3\/\"><span class=\"elementor-screen-only\">Page<\/span>3<\/a>\n<span class=\"page-numbers dots\">&hellip;<\/span>\n<a class=\"page-numbers\" href=\"https:\/\/larealidaddelaplata.com.ar\/index.php\/wp-json\/wp\/v2\/pages\/5719\/page\/164\/\"><span class=\"elementor-screen-only\">Page<\/span>164<\/a>\n<a class=\"page-numbers next\" href=\"https:\/\/larealidaddelaplata.com.ar\/index.php\/wp-json\/wp\/v2\/pages\/5719\/page\/2\/\">Despu\u00e9s &raquo;<\/a>\t\t<\/nav>\n\t\t\t\t<\/div>\n\t\t\t\t<\/div>\n\t\t\t\t\t\t<\/div>\n\t\t\t\t\t<\/div>\n\t\t<\/div>\n\t\t\t\t\t\t\t\t<\/div>\n\t\t\t\t\t<\/div>\n\t\t<\/section>\n\t\t\t\t\t\t<\/div>\n\t\t\t\t\t\t<\/div>\n\t\t\t\t\t<\/div>\n\t\t","protected":false},"excerpt":{"rendered":"<p>BUENOS AIRES<\/p>\n","protected":false},"author":1,"featured_media":0,"parent":0,"menu_order":0,"comment_status":"closed","ping_status":"closed","template":"elementor_header_footer","meta":{"_acf_changed":false,"footnotes":""},"class_list":["post-5719","page","type-page","status-publish","hentry"],"acf":[],"aioseo_notices":[],"_links":{"self":[{"href":"https:\/\/larealidaddelaplata.com.ar\/index.php\/wp-json\/wp\/v2\/pages\/5719"}],"collection":[{"href":"https:\/\/larealidaddelaplata.com.ar\/index.php\/wp-json\/wp\/v2\/pages"}],"about":[{"href":"https:\/\/larealidaddelaplata.com.ar\/index.php\/wp-json\/wp\/v2\/types\/page"}],"author":[{"embeddable":true,"href":"https:\/\/larealidaddelaplata.com.ar\/index.php\/wp-json\/wp\/v2\/users\/1"}],"replies":[{"embeddable":true,"href":"https:\/\/larealidaddelaplata.com.ar\/index.php\/wp-json\/wp\/v2\/comments?post=5719"}],"version-history":[{"count":3,"href":"https:\/\/larealidaddelaplata.com.ar\/index.php\/wp-json\/wp\/v2\/pages\/5719\/revisions"}],"predecessor-version":[{"id":24464,"href":"https:\/\/larealidaddelaplata.com.ar\/index.php\/wp-json\/wp\/v2\/pages\/5719\/revisions\/24464"}],"wp:attachment":[{"href":"https:\/\/larealidaddelaplata.com.ar\/index.php\/wp-json\/wp\/v2\/media?parent=5719"}],"curies":[{"name":"wp","href":"https:\/\/api.w.org\/{rel}","templated":true}]}}