{"id":5719,"date":"2021-01-30T03:41:58","date_gmt":"2021-01-30T06:41:58","guid":{"rendered":"http:\/\/larealidaddelaplata.com.ar\/?page_id=5719"},"modified":"2022-09-22T12:01:23","modified_gmt":"2022-09-22T15:01:23","slug":"provincia","status":"publish","type":"page","link":"https:\/\/larealidaddelaplata.com.ar\/index.php\/provincia\/","title":{"rendered":"Provincia"},"content":{"rendered":"\t\t<div data-elementor-type=\"wp-page\" data-elementor-id=\"5719\" class=\"elementor elementor-5719\" data-elementor-post-type=\"page\">\n\t\t\t\t\t\t<section class=\"elementor-section elementor-top-section elementor-element elementor-element-584f15a3 elementor-section-stretched elementor-section-full_width elementor-section-height-default elementor-section-height-default\" data-id=\"584f15a3\" data-element_type=\"section\" data-e-type=\"section\" data-settings=\"{&quot;stretch_section&quot;:&quot;section-stretched&quot;,&quot;background_background&quot;:&quot;classic&quot;}\">\n\t\t\t\t\t\t<div class=\"elementor-container elementor-column-gap-no\">\n\t\t\t\t\t<div class=\"elementor-column elementor-col-100 elementor-top-column elementor-element elementor-element-1fb89b8e\" data-id=\"1fb89b8e\" data-element_type=\"column\" data-e-type=\"column\">\n\t\t\t<div class=\"elementor-widget-wrap elementor-element-populated\">\n\t\t\t\t\t\t<div class=\"elementor-element elementor-element-21ec6f0b elementor-widget elementor-widget-heading\" data-id=\"21ec6f0b\" data-element_type=\"widget\" data-e-type=\"widget\" data-widget_type=\"heading.default\">\n\t\t\t\t<div class=\"elementor-widget-container\">\n\t\t\t\t\t<h1 class=\"elementor-heading-title elementor-size-xxl\">BUENOS AIRES<\/h1>\t\t\t\t<\/div>\n\t\t\t\t<\/div>\n\t\t\t\t<div class=\"elementor-element elementor-element-0ba600e elementor-widget elementor-widget-html\" data-id=\"0ba600e\" data-element_type=\"widget\" data-e-type=\"widget\" data-widget_type=\"html.default\">\n\t\t\t\t<div class=\"elementor-widget-container\">\n\t\t\t\t\t<center><div class=\"a-single a-4\"><a href=\"https:\/\/www.bancoprovincia.com.ar\/Noticias\/MasNoticias\/cuenta-dni-subio-la-tasa-de-plazo-fijo-al-48-anual-1855\"><img decoding=\"async\" src=\"https:\/\/larealidaddelaplata.com.ar\/wp-content\/uploads\/2025\/08\/BP_PF_300x250_1px.gif\" \/><\/a><\/div><\/center>\t\t\t\t<\/div>\n\t\t\t\t<\/div>\n\t\t\t\t\t<\/div>\n\t\t<\/div>\n\t\t\t\t\t<\/div>\n\t\t<\/section>\n\t\t\t\t<section class=\"elementor-section elementor-top-section elementor-element elementor-element-19737fcb elementor-section-stretched elementor-section-boxed elementor-section-height-default elementor-section-height-default\" data-id=\"19737fcb\" data-element_type=\"section\" data-e-type=\"section\" data-settings=\"{&quot;stretch_section&quot;:&quot;section-stretched&quot;}\">\n\t\t\t\t\t\t<div class=\"elementor-container elementor-column-gap-default\">\n\t\t\t\t\t<div class=\"elementor-column elementor-col-100 elementor-top-column elementor-element elementor-element-1ff5c5e2\" data-id=\"1ff5c5e2\" data-element_type=\"column\" data-e-type=\"column\">\n\t\t\t<div class=\"elementor-widget-wrap elementor-element-populated\">\n\t\t\t\t\t\t<div class=\"elementor-element elementor-element-43f67020 elementor-grid-3 elementor-grid-tablet-2 elementor-grid-mobile-1 elementor-posts--thumbnail-top elementor-widget elementor-widget-posts\" data-id=\"43f67020\" data-element_type=\"widget\" data-e-type=\"widget\" data-settings=\"{&quot;pagination_type&quot;:&quot;numbers_and_prev_next&quot;,&quot;classic_columns&quot;:&quot;3&quot;,&quot;classic_columns_tablet&quot;:&quot;2&quot;,&quot;classic_columns_mobile&quot;:&quot;1&quot;,&quot;classic_row_gap&quot;:{&quot;unit&quot;:&quot;px&quot;,&quot;size&quot;:35,&quot;sizes&quot;:[]},&quot;classic_row_gap_tablet&quot;:{&quot;unit&quot;:&quot;px&quot;,&quot;size&quot;:&quot;&quot;,&quot;sizes&quot;:[]},&quot;classic_row_gap_mobile&quot;:{&quot;unit&quot;:&quot;px&quot;,&quot;size&quot;:&quot;&quot;,&quot;sizes&quot;:[]}}\" data-widget_type=\"posts.classic\">\n\t\t\t\t<div class=\"elementor-widget-container\">\n\t\t\t\t\t\t\t<div class=\"elementor-posts-container elementor-posts elementor-posts--skin-classic elementor-grid\" role=\"list\">\n\t\t\t\t<article class=\"elementor-post elementor-grid-item post-43636 post type-post status-publish format-standard has-post-thumbnail hentry category-provincia\" role=\"listitem\">\n\t\t\t\t<a class=\"elementor-post__thumbnail__link\" href=\"https:\/\/larealidaddelaplata.com.ar\/index.php\/2026\/09\/04\/te-lo-resumo-fue-distingo-en-la-plata-se-cruzo-con-concejales-y-se-lo-dedico-a-cristina-fernandez-de-kirchner\/\" tabindex=\"-1\" >\n\t\t\t<div class=\"elementor-post__thumbnail\"><img fetchpriority=\"high\" decoding=\"async\" width=\"300\" height=\"270\" src=\"https:\/\/larealidaddelaplata.com.ar\/wp-content\/uploads\/2026\/09\/Te-lo-resumo-300x270.jpeg\" class=\"attachment-medium size-medium wp-image-43637\" alt=\"\" srcset=\"https:\/\/larealidaddelaplata.com.ar\/wp-content\/uploads\/2026\/09\/Te-lo-resumo-300x270.jpeg 300w, https:\/\/larealidaddelaplata.com.ar\/wp-content\/uploads\/2026\/09\/Te-lo-resumo-1024x921.jpeg 1024w, https:\/\/larealidaddelaplata.com.ar\/wp-content\/uploads\/2026\/09\/Te-lo-resumo-768x691.jpeg 768w, https:\/\/larealidaddelaplata.com.ar\/wp-content\/uploads\/2026\/09\/Te-lo-resumo.jpeg 1400w\" sizes=\"(max-width: 300px) 100vw, 300px\" \/><\/div>\n\t\t<\/a>\n\t\t\t\t<div class=\"elementor-post__text\">\n\t\t\t\t<h3 class=\"elementor-post__title\">\n\t\t\t<a href=\"https:\/\/larealidaddelaplata.com.ar\/index.php\/2026\/09\/04\/te-lo-resumo-fue-distingo-en-la-plata-se-cruzo-con-concejales-y-se-lo-dedico-a-cristina-fernandez-de-kirchner\/\" >\n\t\t\t\t&#8220;Te Lo Resumo&#8221;: fue distingo en La Plata, se cruz\u00f3 con concejales y se lo dedic\u00f3 a Cristina Fernandez de Kirchner\t\t\t<\/a>\n\t\t<\/h3>\n\t\t\t\t<div class=\"elementor-post__meta-data\">\n\t\t\t\t\t<span class=\"elementor-post-date\">\n\t\t\t4 septiembre, 2026\t\t<\/span>\n\t\t\t\t<\/div>\n\t\t\t\t<\/div>\n\t\t\t\t<\/article>\n\t\t\t\t<article class=\"elementor-post elementor-grid-item post-43634 post type-post status-publish format-standard has-post-thumbnail hentry category-provincia\" role=\"listitem\">\n\t\t\t\t<a class=\"elementor-post__thumbnail__link\" href=\"https:\/\/larealidaddelaplata.com.ar\/index.php\/2026\/09\/04\/arranca-la-fiesta-del-inmigrante-en-berisso-mas-de-un-mes-de-cultura-gastronomia-y-tradiciones\/\" tabindex=\"-1\" >\n\t\t\t<div class=\"elementor-post__thumbnail\"><img decoding=\"async\" width=\"300\" height=\"170\" src=\"https:\/\/larealidaddelaplata.com.ar\/wp-content\/uploads\/2020\/08\/Fiesta-del-inmigrante-300x170.jpg\" class=\"attachment-medium size-medium wp-image-2449\" alt=\"\" srcset=\"https:\/\/larealidaddelaplata.com.ar\/wp-content\/uploads\/2020\/08\/Fiesta-del-inmigrante-300x170.jpg 300w, https:\/\/larealidaddelaplata.com.ar\/wp-content\/uploads\/2020\/08\/Fiesta-del-inmigrante-768x436.jpg 768w, https:\/\/larealidaddelaplata.com.ar\/wp-content\/uploads\/2020\/08\/Fiesta-del-inmigrante.jpg 800w\" sizes=\"(max-width: 300px) 100vw, 300px\" \/><\/div>\n\t\t<\/a>\n\t\t\t\t<div class=\"elementor-post__text\">\n\t\t\t\t<h3 class=\"elementor-post__title\">\n\t\t\t<a href=\"https:\/\/larealidaddelaplata.com.ar\/index.php\/2026\/09\/04\/arranca-la-fiesta-del-inmigrante-en-berisso-mas-de-un-mes-de-cultura-gastronomia-y-tradiciones\/\" >\n\t\t\t\tArranca la fiesta del inmigrante en Berisso: m\u00e1s de un mes de cultura, gastronom\u00eda y tradiciones\t\t\t<\/a>\n\t\t<\/h3>\n\t\t\t\t<div class=\"elementor-post__meta-data\">\n\t\t\t\t\t<span class=\"elementor-post-date\">\n\t\t\t4 septiembre, 2026\t\t<\/span>\n\t\t\t\t<\/div>\n\t\t\t\t<\/div>\n\t\t\t\t<\/article>\n\t\t\t\t<article class=\"elementor-post elementor-grid-item post-43625 post type-post status-publish format-standard has-post-thumbnail hentry category-provincia\" role=\"listitem\">\n\t\t\t\t<a class=\"elementor-post__thumbnail__link\" href=\"https:\/\/larealidaddelaplata.com.ar\/index.php\/2026\/09\/03\/luquitas-rodriguez-y-el-show-de-paren-la-mano-se-presentan-en-el-club-atenas-de-la-plata\/\" tabindex=\"-1\" >\n\t\t\t<div class=\"elementor-post__thumbnail\"><img decoding=\"async\" width=\"300\" height=\"169\" src=\"https:\/\/larealidaddelaplata.com.ar\/wp-content\/uploads\/2026\/09\/Mariano-Martinez-buscado-en-La-Plata-300x169.jpg\" class=\"attachment-medium size-medium wp-image-43608\" alt=\"\" srcset=\"https:\/\/larealidaddelaplata.com.ar\/wp-content\/uploads\/2026\/09\/Mariano-Martinez-buscado-en-La-Plata-300x169.jpg 300w, https:\/\/larealidaddelaplata.com.ar\/wp-content\/uploads\/2026\/09\/Mariano-Martinez-buscado-en-La-Plata-1024x576.jpg 1024w, https:\/\/larealidaddelaplata.com.ar\/wp-content\/uploads\/2026\/09\/Mariano-Martinez-buscado-en-La-Plata-768x432.jpg 768w, https:\/\/larealidaddelaplata.com.ar\/wp-content\/uploads\/2026\/09\/Mariano-Martinez-buscado-en-La-Plata.jpg 1200w\" sizes=\"(max-width: 300px) 100vw, 300px\" \/><\/div>\n\t\t<\/a>\n\t\t\t\t<div class=\"elementor-post__text\">\n\t\t\t\t<h3 class=\"elementor-post__title\">\n\t\t\t<a href=\"https:\/\/larealidaddelaplata.com.ar\/index.php\/2026\/09\/03\/luquitas-rodriguez-y-el-show-de-paren-la-mano-se-presentan-en-el-club-atenas-de-la-plata\/\" >\n\t\t\t\tUna foto podr\u00eda ser la clave para encontrar al estudiante de la UNLP: su familia lo reconoci\u00f3 en C\u00f3rdoba\t\t\t<\/a>\n\t\t<\/h3>\n\t\t\t\t<div class=\"elementor-post__meta-data\">\n\t\t\t\t\t<span class=\"elementor-post-date\">\n\t\t\t3 septiembre, 2026\t\t<\/span>\n\t\t\t\t<\/div>\n\t\t\t\t<\/div>\n\t\t\t\t<\/article>\n\t\t\t\t<article class=\"elementor-post elementor-grid-item post-43621 post type-post status-publish format-standard has-post-thumbnail hentry category-provincia\" role=\"listitem\">\n\t\t\t\t<a class=\"elementor-post__thumbnail__link\" href=\"https:\/\/larealidaddelaplata.com.ar\/index.php\/2026\/09\/03\/falla-la-sube-y-complica-a-los-pasajeros-en-la-plata-no-se-pueden-acreditar-recargas-desde-el-celular\/\" tabindex=\"-1\" >\n\t\t\t<div class=\"elementor-post__thumbnail\"><img loading=\"lazy\" decoding=\"async\" width=\"300\" height=\"201\" src=\"https:\/\/larealidaddelaplata.com.ar\/wp-content\/uploads\/2020\/12\/thumb-grande1570047681-Infoltica-Tren-Roca-Se-encuentra-en-las-etapas-finales-la-construccin-de-la-subestacin-Quilmes-300x201.jpg\" class=\"attachment-medium size-medium wp-image-4918\" alt=\"\" \/><\/div>\n\t\t<\/a>\n\t\t\t\t<div class=\"elementor-post__text\">\n\t\t\t\t<h3 class=\"elementor-post__title\">\n\t\t\t<a href=\"https:\/\/larealidaddelaplata.com.ar\/index.php\/2026\/09\/03\/falla-la-sube-y-complica-a-los-pasajeros-en-la-plata-no-se-pueden-acreditar-recargas-desde-el-celular\/\" >\n\t\t\t\tFalla la SUBE \u00a0y complica a los pasajeros en la plata: no se pueden acreditar recargas desde el celular\t\t\t<\/a>\n\t\t<\/h3>\n\t\t\t\t<div class=\"elementor-post__meta-data\">\n\t\t\t\t\t<span class=\"elementor-post-date\">\n\t\t\t3 septiembre, 2026\t\t<\/span>\n\t\t\t\t<\/div>\n\t\t\t\t<\/div>\n\t\t\t\t<\/article>\n\t\t\t\t<article class=\"elementor-post elementor-grid-item post-43614 post type-post status-publish format-standard has-post-thumbnail hentry category-provincia\" role=\"listitem\">\n\t\t\t\t<a class=\"elementor-post__thumbnail__link\" href=\"https:\/\/larealidaddelaplata.com.ar\/index.php\/2026\/09\/02\/alertan-por-demoras-de-transito-en-7-y-32-restringen-el-transito-por-el-arreglo-de-un-cano-de-absa\/\" tabindex=\"-1\" >\n\t\t\t<div class=\"elementor-post__thumbnail\"><img loading=\"lazy\" decoding=\"async\" width=\"300\" height=\"176\" src=\"https:\/\/larealidaddelaplata.com.ar\/wp-content\/uploads\/2026\/09\/tareas-reparacion-7-y-32-portada-300x176.jpg\" class=\"attachment-medium size-medium wp-image-43615\" alt=\"\" srcset=\"https:\/\/larealidaddelaplata.com.ar\/wp-content\/uploads\/2026\/09\/tareas-reparacion-7-y-32-portada-300x176.jpg 300w, https:\/\/larealidaddelaplata.com.ar\/wp-content\/uploads\/2026\/09\/tareas-reparacion-7-y-32-portada-1024x600.jpg 1024w, https:\/\/larealidaddelaplata.com.ar\/wp-content\/uploads\/2026\/09\/tareas-reparacion-7-y-32-portada-768x450.jpg 768w, https:\/\/larealidaddelaplata.com.ar\/wp-content\/uploads\/2026\/09\/tareas-reparacion-7-y-32-portada.jpg 1400w\" sizes=\"(max-width: 300px) 100vw, 300px\" \/><\/div>\n\t\t<\/a>\n\t\t\t\t<div class=\"elementor-post__text\">\n\t\t\t\t<h3 class=\"elementor-post__title\">\n\t\t\t<a href=\"https:\/\/larealidaddelaplata.com.ar\/index.php\/2026\/09\/02\/alertan-por-demoras-de-transito-en-7-y-32-restringen-el-transito-por-el-arreglo-de-un-cano-de-absa\/\" >\n\t\t\t\tAlertan por demoras de tr\u00e1nsito en 7 y 32: restringen el tr\u00e1nsito por el arreglo de un ca\u00f1o de ABSA\t\t\t<\/a>\n\t\t<\/h3>\n\t\t\t\t<div class=\"elementor-post__meta-data\">\n\t\t\t\t\t<span class=\"elementor-post-date\">\n\t\t\t2 septiembre, 2026\t\t<\/span>\n\t\t\t\t<\/div>\n\t\t\t\t<\/div>\n\t\t\t\t<\/article>\n\t\t\t\t<article class=\"elementor-post elementor-grid-item post-43607 post type-post status-publish format-standard has-post-thumbnail hentry category-provincia\" role=\"listitem\">\n\t\t\t\t<a class=\"elementor-post__thumbnail__link\" href=\"https:\/\/larealidaddelaplata.com.ar\/index.php\/2026\/09\/02\/misterio-por-el-estudiante-de-la-unlp-confirman-que-viajo-en-el-roca-y-llego-a-constitucion\/\" tabindex=\"-1\" >\n\t\t\t<div class=\"elementor-post__thumbnail\"><img decoding=\"async\" width=\"300\" height=\"169\" src=\"https:\/\/larealidaddelaplata.com.ar\/wp-content\/uploads\/2026\/09\/Mariano-Martinez-buscado-en-La-Plata-300x169.jpg\" class=\"attachment-medium size-medium wp-image-43608\" alt=\"\" srcset=\"https:\/\/larealidaddelaplata.com.ar\/wp-content\/uploads\/2026\/09\/Mariano-Martinez-buscado-en-La-Plata-300x169.jpg 300w, https:\/\/larealidaddelaplata.com.ar\/wp-content\/uploads\/2026\/09\/Mariano-Martinez-buscado-en-La-Plata-1024x576.jpg 1024w, https:\/\/larealidaddelaplata.com.ar\/wp-content\/uploads\/2026\/09\/Mariano-Martinez-buscado-en-La-Plata-768x432.jpg 768w, https:\/\/larealidaddelaplata.com.ar\/wp-content\/uploads\/2026\/09\/Mariano-Martinez-buscado-en-La-Plata.jpg 1200w\" sizes=\"(max-width: 300px) 100vw, 300px\" \/><\/div>\n\t\t<\/a>\n\t\t\t\t<div class=\"elementor-post__text\">\n\t\t\t\t<h3 class=\"elementor-post__title\">\n\t\t\t<a href=\"https:\/\/larealidaddelaplata.com.ar\/index.php\/2026\/09\/02\/misterio-por-el-estudiante-de-la-unlp-confirman-que-viajo-en-el-roca-y-llego-a-constitucion\/\" >\n\t\t\t\tMisterio por el estudiante de la UNLP: confirman que viaj\u00f3 en el Roca y lleg\u00f3 a Constituci\u00f3n\t\t\t<\/a>\n\t\t<\/h3>\n\t\t\t\t<div class=\"elementor-post__meta-data\">\n\t\t\t\t\t<span class=\"elementor-post-date\">\n\t\t\t2 septiembre, 2026\t\t<\/span>\n\t\t\t\t<\/div>\n\t\t\t\t<\/div>\n\t\t\t\t<\/article>\n\t\t\t\t<article class=\"elementor-post elementor-grid-item post-43605 post type-post status-publish format-standard has-post-thumbnail hentry category-provincia\" role=\"listitem\">\n\t\t\t\t<a class=\"elementor-post__thumbnail__link\" href=\"https:\/\/larealidaddelaplata.com.ar\/index.php\/2026\/09\/02\/quieren-explotar-petroleo-en-malvinas-y-ex-combatientes-fueron-a-la-justicia-para-frenarlo\/\" tabindex=\"-1\" >\n\t\t\t<div class=\"elementor-post__thumbnail\"><img loading=\"lazy\" decoding=\"async\" width=\"300\" height=\"171\" src=\"https:\/\/larealidaddelaplata.com.ar\/wp-content\/uploads\/2023\/11\/Los-pibes-de-Malvinas-que-jamas-olvidare-300x171.jpg\" class=\"attachment-medium size-medium wp-image-32727\" alt=\"\" srcset=\"https:\/\/larealidaddelaplata.com.ar\/wp-content\/uploads\/2023\/11\/Los-pibes-de-Malvinas-que-jamas-olvidare-300x171.jpg 300w, https:\/\/larealidaddelaplata.com.ar\/wp-content\/uploads\/2023\/11\/Los-pibes-de-Malvinas-que-jamas-olvidare-768x439.jpg 768w, https:\/\/larealidaddelaplata.com.ar\/wp-content\/uploads\/2023\/11\/Los-pibes-de-Malvinas-que-jamas-olvidare.jpg 770w\" sizes=\"(max-width: 300px) 100vw, 300px\" \/><\/div>\n\t\t<\/a>\n\t\t\t\t<div class=\"elementor-post__text\">\n\t\t\t\t<h3 class=\"elementor-post__title\">\n\t\t\t<a href=\"https:\/\/larealidaddelaplata.com.ar\/index.php\/2026\/09\/02\/quieren-explotar-petroleo-en-malvinas-y-ex-combatientes-fueron-a-la-justicia-para-frenarlo\/\" >\n\t\t\t\tQuieren explotar petr\u00f3leo en Malvinas y ex combatientes fueron a la justicia para frenarlo\t\t\t<\/a>\n\t\t<\/h3>\n\t\t\t\t<div class=\"elementor-post__meta-data\">\n\t\t\t\t\t<span class=\"elementor-post-date\">\n\t\t\t2 septiembre, 2026\t\t<\/span>\n\t\t\t\t<\/div>\n\t\t\t\t<\/div>\n\t\t\t\t<\/article>\n\t\t\t\t<article class=\"elementor-post elementor-grid-item post-43596 post type-post status-publish format-standard has-post-thumbnail hentry category-provincia\" role=\"listitem\">\n\t\t\t\t<a class=\"elementor-post__thumbnail__link\" href=\"https:\/\/larealidaddelaplata.com.ar\/index.php\/2026\/09\/01\/banco-provincia-reconocio-debitos-erroneos-en-cuentas-sueldo-prometen-devolver-el-dinero\/\" tabindex=\"-1\" >\n\t\t\t<div class=\"elementor-post__thumbnail\"><img loading=\"lazy\" decoding=\"async\" width=\"300\" height=\"225\" src=\"https:\/\/larealidaddelaplata.com.ar\/wp-content\/uploads\/2022\/10\/Banco-Provincia-300x225.jpg\" class=\"attachment-medium size-medium wp-image-25215\" alt=\"\" srcset=\"https:\/\/larealidaddelaplata.com.ar\/wp-content\/uploads\/2022\/10\/Banco-Provincia-300x225.jpg 300w, https:\/\/larealidaddelaplata.com.ar\/wp-content\/uploads\/2022\/10\/Banco-Provincia.jpg 640w\" sizes=\"(max-width: 300px) 100vw, 300px\" \/><\/div>\n\t\t<\/a>\n\t\t\t\t<div class=\"elementor-post__text\">\n\t\t\t\t<h3 class=\"elementor-post__title\">\n\t\t\t<a href=\"https:\/\/larealidaddelaplata.com.ar\/index.php\/2026\/09\/01\/banco-provincia-reconocio-debitos-erroneos-en-cuentas-sueldo-prometen-devolver-el-dinero\/\" >\n\t\t\t\tBanco Provincia reconoci\u00f3 d\u00e9bitos err\u00f3neos en cuentas sueldo: prometen devolver el dinero\t\t\t<\/a>\n\t\t<\/h3>\n\t\t\t\t<div class=\"elementor-post__meta-data\">\n\t\t\t\t\t<span class=\"elementor-post-date\">\n\t\t\t1 septiembre, 2026\t\t<\/span>\n\t\t\t\t<\/div>\n\t\t\t\t<\/div>\n\t\t\t\t<\/article>\n\t\t\t\t<article class=\"elementor-post elementor-grid-item post-43594 post type-post status-publish format-standard has-post-thumbnail hentry category-provincia\" role=\"listitem\">\n\t\t\t\t<a class=\"elementor-post__thumbnail__link\" href=\"https:\/\/larealidaddelaplata.com.ar\/index.php\/2026\/09\/01\/proponen-que-una-historica-plaza-de-la-plata-deje-de-llamarse-peron-para-llevar-el-nombre-de-messi\/\" tabindex=\"-1\" >\n\t\t\t<div class=\"elementor-post__thumbnail\"><img loading=\"lazy\" decoding=\"async\" width=\"300\" height=\"188\" src=\"https:\/\/larealidaddelaplata.com.ar\/wp-content\/uploads\/2022\/11\/messi-eau2-300x188.jpg\" class=\"attachment-medium size-medium wp-image-25941\" alt=\"\" srcset=\"https:\/\/larealidaddelaplata.com.ar\/wp-content\/uploads\/2022\/11\/messi-eau2-300x188.jpg 300w, https:\/\/larealidaddelaplata.com.ar\/wp-content\/uploads\/2022\/11\/messi-eau2-768x480.jpg 768w, https:\/\/larealidaddelaplata.com.ar\/wp-content\/uploads\/2022\/11\/messi-eau2.jpg 800w\" sizes=\"(max-width: 300px) 100vw, 300px\" \/><\/div>\n\t\t<\/a>\n\t\t\t\t<div class=\"elementor-post__text\">\n\t\t\t\t<h3 class=\"elementor-post__title\">\n\t\t\t<a href=\"https:\/\/larealidaddelaplata.com.ar\/index.php\/2026\/09\/01\/proponen-que-una-historica-plaza-de-la-plata-deje-de-llamarse-peron-para-llevar-el-nombre-de-messi\/\" >\n\t\t\t\tProponen que una hist\u00f3rica plaza de La Plata deje de llamarse Per\u00f3n para llevar el nombre de Messi\t\t\t<\/a>\n\t\t<\/h3>\n\t\t\t\t<div class=\"elementor-post__meta-data\">\n\t\t\t\t\t<span class=\"elementor-post-date\">\n\t\t\t1 septiembre, 2026\t\t<\/span>\n\t\t\t\t<\/div>\n\t\t\t\t<\/div>\n\t\t\t\t<\/article>\n\t\t\t\t<article class=\"elementor-post elementor-grid-item post-43588 post type-post status-publish format-standard has-post-thumbnail hentry category-provincia\" role=\"listitem\">\n\t\t\t\t<a class=\"elementor-post__thumbnail__link\" href=\"https:\/\/larealidaddelaplata.com.ar\/index.php\/2026\/08\/31\/conmocion-mundial-lionel-messi-anuncio-su-retiro-definitivo-de-la-seleccion-argentina\/\" tabindex=\"-1\" >\n\t\t\t<div class=\"elementor-post__thumbnail\"><img loading=\"lazy\" decoding=\"async\" width=\"300\" height=\"200\" src=\"https:\/\/larealidaddelaplata.com.ar\/wp-content\/uploads\/2026\/08\/messi-anuncio-que-se-retira-de-la-seleccion-3MFXOOOQG5AW5G7AEJGELK2B4M.JPG-300x200.avif\" class=\"attachment-medium size-medium wp-image-43589\" alt=\"\" \/><\/div>\n\t\t<\/a>\n\t\t\t\t<div class=\"elementor-post__text\">\n\t\t\t\t<h3 class=\"elementor-post__title\">\n\t\t\t<a href=\"https:\/\/larealidaddelaplata.com.ar\/index.php\/2026\/08\/31\/conmocion-mundial-lionel-messi-anuncio-su-retiro-definitivo-de-la-seleccion-argentina\/\" >\n\t\t\t\tConmoci\u00f3n mundial: Lionel Messi anunci\u00f3 su retiro definitivo de la Selecci\u00f3n Argentina\t\t\t<\/a>\n\t\t<\/h3>\n\t\t\t\t<div class=\"elementor-post__meta-data\">\n\t\t\t\t\t<span class=\"elementor-post-date\">\n\t\t\t31 agosto, 2026\t\t<\/span>\n\t\t\t\t<\/div>\n\t\t\t\t<\/div>\n\t\t\t\t<\/article>\n\t\t\t\t<article class=\"elementor-post elementor-grid-item post-43586 post type-post status-publish format-standard has-post-thumbnail hentry category-provincia\" role=\"listitem\">\n\t\t\t\t<a class=\"elementor-post__thumbnail__link\" href=\"https:\/\/larealidaddelaplata.com.ar\/index.php\/2026\/08\/31\/estudiantes-recibe-a-newells-old-boys-en-la-plata-con-la-tabla-anual-como-objetivo\/\" tabindex=\"-1\" >\n\t\t\t<div class=\"elementor-post__thumbnail\"><img loading=\"lazy\" decoding=\"async\" width=\"300\" height=\"225\" src=\"https:\/\/larealidaddelaplata.com.ar\/wp-content\/uploads\/2026\/05\/UNO-hinchada-estudiantes-300x225.jpg\" class=\"attachment-medium size-medium wp-image-42693\" alt=\"\" srcset=\"https:\/\/larealidaddelaplata.com.ar\/wp-content\/uploads\/2026\/05\/UNO-hinchada-estudiantes-300x225.jpg 300w, https:\/\/larealidaddelaplata.com.ar\/wp-content\/uploads\/2026\/05\/UNO-hinchada-estudiantes-1024x768.jpg 1024w, https:\/\/larealidaddelaplata.com.ar\/wp-content\/uploads\/2026\/05\/UNO-hinchada-estudiantes-768x576.jpg 768w, https:\/\/larealidaddelaplata.com.ar\/wp-content\/uploads\/2026\/05\/UNO-hinchada-estudiantes-1536x1152.jpg 1536w, https:\/\/larealidaddelaplata.com.ar\/wp-content\/uploads\/2026\/05\/UNO-hinchada-estudiantes.jpg 1600w\" sizes=\"(max-width: 300px) 100vw, 300px\" \/><\/div>\n\t\t<\/a>\n\t\t\t\t<div class=\"elementor-post__text\">\n\t\t\t\t<h3 class=\"elementor-post__title\">\n\t\t\t<a href=\"https:\/\/larealidaddelaplata.com.ar\/index.php\/2026\/08\/31\/estudiantes-recibe-a-newells-old-boys-en-la-plata-con-la-tabla-anual-como-objetivo\/\" >\n\t\t\t\tEstudiantes recibe a Newell\u2019s Old Boys en La Plata con la tabla anual como objetivo\t\t\t<\/a>\n\t\t<\/h3>\n\t\t\t\t<div class=\"elementor-post__meta-data\">\n\t\t\t\t\t<span class=\"elementor-post-date\">\n\t\t\t31 agosto, 2026\t\t<\/span>\n\t\t\t\t<\/div>\n\t\t\t\t<\/div>\n\t\t\t\t<\/article>\n\t\t\t\t<article class=\"elementor-post elementor-grid-item post-43584 post type-post status-publish format-standard has-post-thumbnail hentry category-provincia\" role=\"listitem\">\n\t\t\t\t<a class=\"elementor-post__thumbnail__link\" href=\"https:\/\/larealidaddelaplata.com.ar\/index.php\/2026\/08\/31\/tras-el-apagon-que-dejo-a-65-mil-usuarios-sin-luz-aumenta-la-tarifa-electrica-en-la-plata\/\" tabindex=\"-1\" >\n\t\t\t<div class=\"elementor-post__thumbnail\"><img loading=\"lazy\" decoding=\"async\" width=\"300\" height=\"169\" src=\"https:\/\/larealidaddelaplata.com.ar\/wp-content\/uploads\/2022\/06\/Edelap-cortes-reclamos-servicios-de-luz-300x169.jpg\" class=\"attachment-medium size-medium wp-image-21646\" alt=\"\" srcset=\"https:\/\/larealidaddelaplata.com.ar\/wp-content\/uploads\/2022\/06\/Edelap-cortes-reclamos-servicios-de-luz-300x169.jpg 300w, https:\/\/larealidaddelaplata.com.ar\/wp-content\/uploads\/2022\/06\/Edelap-cortes-reclamos-servicios-de-luz.jpg 425w\" sizes=\"(max-width: 300px) 100vw, 300px\" \/><\/div>\n\t\t<\/a>\n\t\t\t\t<div class=\"elementor-post__text\">\n\t\t\t\t<h3 class=\"elementor-post__title\">\n\t\t\t<a href=\"https:\/\/larealidaddelaplata.com.ar\/index.php\/2026\/08\/31\/tras-el-apagon-que-dejo-a-65-mil-usuarios-sin-luz-aumenta-la-tarifa-electrica-en-la-plata\/\" >\n\t\t\t\tTras el apag\u00f3n que dej\u00f3 a 65 mil usuarios sin luz, aumenta la tarifa el\u00e9ctrica en La Plata\t\t\t<\/a>\n\t\t<\/h3>\n\t\t\t\t<div class=\"elementor-post__meta-data\">\n\t\t\t\t\t<span class=\"elementor-post-date\">\n\t\t\t31 agosto, 2026\t\t<\/span>\n\t\t\t\t<\/div>\n\t\t\t\t<\/div>\n\t\t\t\t<\/article>\n\t\t\t\t<article class=\"elementor-post elementor-grid-item post-43582 post type-post status-publish format-standard has-post-thumbnail hentry category-provincia\" role=\"listitem\">\n\t\t\t\t<a class=\"elementor-post__thumbnail__link\" href=\"https:\/\/larealidaddelaplata.com.ar\/index.php\/2026\/08\/31\/amenaza-de-tiroteo-en-la-unlp-un-correo-anonimo-encendio-la-alarma-en-varias-facultades\/\" tabindex=\"-1\" >\n\t\t\t<div class=\"elementor-post__thumbnail\"><img loading=\"lazy\" decoding=\"async\" width=\"300\" height=\"169\" src=\"https:\/\/larealidaddelaplata.com.ar\/wp-content\/uploads\/2024\/10\/Universidad-de-La-Palta-romo-300x169.jpeg\" class=\"attachment-medium size-medium wp-image-37116\" alt=\"\" srcset=\"https:\/\/larealidaddelaplata.com.ar\/wp-content\/uploads\/2024\/10\/Universidad-de-La-Palta-romo-300x169.jpeg 300w, https:\/\/larealidaddelaplata.com.ar\/wp-content\/uploads\/2024\/10\/Universidad-de-La-Palta-romo-1024x576.jpeg 1024w, https:\/\/larealidaddelaplata.com.ar\/wp-content\/uploads\/2024\/10\/Universidad-de-La-Palta-romo-768x432.jpeg 768w, https:\/\/larealidaddelaplata.com.ar\/wp-content\/uploads\/2024\/10\/Universidad-de-La-Palta-romo-1536x864.jpeg 1536w, https:\/\/larealidaddelaplata.com.ar\/wp-content\/uploads\/2024\/10\/Universidad-de-La-Palta-romo.jpeg 1599w\" sizes=\"(max-width: 300px) 100vw, 300px\" \/><\/div>\n\t\t<\/a>\n\t\t\t\t<div class=\"elementor-post__text\">\n\t\t\t\t<h3 class=\"elementor-post__title\">\n\t\t\t<a href=\"https:\/\/larealidaddelaplata.com.ar\/index.php\/2026\/08\/31\/amenaza-de-tiroteo-en-la-unlp-un-correo-anonimo-encendio-la-alarma-en-varias-facultades\/\" >\n\t\t\t\tAmenaza de tiroteo en la UNLP: un correo an\u00f3nimo encendi\u00f3 la alarma en varias facultades\t\t\t<\/a>\n\t\t<\/h3>\n\t\t\t\t<div class=\"elementor-post__meta-data\">\n\t\t\t\t\t<span class=\"elementor-post-date\">\n\t\t\t31 agosto, 2026\t\t<\/span>\n\t\t\t\t<\/div>\n\t\t\t\t<\/div>\n\t\t\t\t<\/article>\n\t\t\t\t<article class=\"elementor-post elementor-grid-item post-43566 post type-post status-publish format-standard has-post-thumbnail hentry category-provincia\" role=\"listitem\">\n\t\t\t\t<a class=\"elementor-post__thumbnail__link\" href=\"https:\/\/larealidaddelaplata.com.ar\/index.php\/2026\/08\/28\/marcelo-torres-esta-listo-para-volver-y-gimnasia-ya-sabe-cuando-se-sumara-al-plantel\/\" tabindex=\"-1\" >\n\t\t\t<div class=\"elementor-post__thumbnail\"><img loading=\"lazy\" decoding=\"async\" width=\"300\" height=\"191\" src=\"https:\/\/larealidaddelaplata.com.ar\/wp-content\/uploads\/2026\/04\/gol-marcelo-chelo-torres-gelp-300x191.webp\" class=\"attachment-medium size-medium wp-image-42474\" alt=\"\" srcset=\"https:\/\/larealidaddelaplata.com.ar\/wp-content\/uploads\/2026\/04\/gol-marcelo-chelo-torres-gelp-300x191.webp 300w, https:\/\/larealidaddelaplata.com.ar\/wp-content\/uploads\/2026\/04\/gol-marcelo-chelo-torres-gelp-768x488.webp 768w, https:\/\/larealidaddelaplata.com.ar\/wp-content\/uploads\/2026\/04\/gol-marcelo-chelo-torres-gelp.webp 790w\" sizes=\"(max-width: 300px) 100vw, 300px\" \/><\/div>\n\t\t<\/a>\n\t\t\t\t<div class=\"elementor-post__text\">\n\t\t\t\t<h3 class=\"elementor-post__title\">\n\t\t\t<a href=\"https:\/\/larealidaddelaplata.com.ar\/index.php\/2026\/08\/28\/marcelo-torres-esta-listo-para-volver-y-gimnasia-ya-sabe-cuando-se-sumara-al-plantel\/\" >\n\t\t\t\tMarcelo Torres est\u00e1 listo para volver y Gimnasia ya sabe cu\u00e1ndo se sumar\u00e1 al plantel\t\t\t<\/a>\n\t\t<\/h3>\n\t\t\t\t<div class=\"elementor-post__meta-data\">\n\t\t\t\t\t<span class=\"elementor-post-date\">\n\t\t\t28 agosto, 2026\t\t<\/span>\n\t\t\t\t<\/div>\n\t\t\t\t<\/div>\n\t\t\t\t<\/article>\n\t\t\t\t<article class=\"elementor-post elementor-grid-item post-43556 post type-post status-publish format-standard has-post-thumbnail hentry category-provincia\" role=\"listitem\">\n\t\t\t\t<a class=\"elementor-post__thumbnail__link\" href=\"https:\/\/larealidaddelaplata.com.ar\/index.php\/2026\/08\/27\/estudiantes-va-por-los-cuartos-de-la-copa-argentina-ante-barracas-central-hora-tv-y-formaciones\/\" tabindex=\"-1\" >\n\t\t\t<div class=\"elementor-post__thumbnail\"><img loading=\"lazy\" decoding=\"async\" width=\"300\" height=\"195\" src=\"https:\/\/larealidaddelaplata.com.ar\/wp-content\/uploads\/2026\/08\/estudiantes-u-catolica-festejo-gol.jpg-300x195.webp\" class=\"attachment-medium size-medium wp-image-43477\" alt=\"\" \/><\/div>\n\t\t<\/a>\n\t\t\t\t<div class=\"elementor-post__text\">\n\t\t\t\t<h3 class=\"elementor-post__title\">\n\t\t\t<a href=\"https:\/\/larealidaddelaplata.com.ar\/index.php\/2026\/08\/27\/estudiantes-va-por-los-cuartos-de-la-copa-argentina-ante-barracas-central-hora-tv-y-formaciones\/\" >\n\t\t\t\tEstudiantes va por los cuartos de la Copa Argentina ante Barracas Central: hora, TV y formaciones\t\t\t<\/a>\n\t\t<\/h3>\n\t\t\t\t<div class=\"elementor-post__meta-data\">\n\t\t\t\t\t<span class=\"elementor-post-date\">\n\t\t\t27 agosto, 2026\t\t<\/span>\n\t\t\t\t<\/div>\n\t\t\t\t<\/div>\n\t\t\t\t<\/article>\n\t\t\t\t<article class=\"elementor-post elementor-grid-item post-43552 post type-post status-publish format-standard has-post-thumbnail hentry category-provincia\" role=\"listitem\">\n\t\t\t\t<a class=\"elementor-post__thumbnail__link\" href=\"https:\/\/larealidaddelaplata.com.ar\/index.php\/2026\/08\/27\/tras-53-anos-cierra-una-fabrica-textil-de-la-plata-y-quedan-nueve-trabajadores-en-la-calle\/\" tabindex=\"-1\" >\n\t\t\t<div class=\"elementor-post__thumbnail\"><img loading=\"lazy\" decoding=\"async\" width=\"300\" height=\"176\" src=\"https:\/\/larealidaddelaplata.com.ar\/wp-content\/uploads\/2026\/08\/Local-de-ropa-Clan-Issime-300x176.jpg\" class=\"attachment-medium size-medium wp-image-43553\" alt=\"\" srcset=\"https:\/\/larealidaddelaplata.com.ar\/wp-content\/uploads\/2026\/08\/Local-de-ropa-Clan-Issime-300x176.jpg 300w, https:\/\/larealidaddelaplata.com.ar\/wp-content\/uploads\/2026\/08\/Local-de-ropa-Clan-Issime.jpg 724w\" sizes=\"(max-width: 300px) 100vw, 300px\" \/><\/div>\n\t\t<\/a>\n\t\t\t\t<div class=\"elementor-post__text\">\n\t\t\t\t<h3 class=\"elementor-post__title\">\n\t\t\t<a href=\"https:\/\/larealidaddelaplata.com.ar\/index.php\/2026\/08\/27\/tras-53-anos-cierra-una-fabrica-textil-de-la-plata-y-quedan-nueve-trabajadores-en-la-calle\/\" >\n\t\t\t\tTras 53 a\u00f1os, cierra una f\u00e1brica textil de La Plata y quedan nueve trabajadores en la calle\t\t\t<\/a>\n\t\t<\/h3>\n\t\t\t\t<div class=\"elementor-post__meta-data\">\n\t\t\t\t\t<span class=\"elementor-post-date\">\n\t\t\t27 agosto, 2026\t\t<\/span>\n\t\t\t\t<\/div>\n\t\t\t\t<\/div>\n\t\t\t\t<\/article>\n\t\t\t\t<article class=\"elementor-post elementor-grid-item post-43548 post type-post status-publish format-standard has-post-thumbnail hentry category-provincia\" role=\"listitem\">\n\t\t\t\t<a class=\"elementor-post__thumbnail__link\" href=\"https:\/\/larealidaddelaplata.com.ar\/index.php\/2026\/08\/26\/un-recorrido-virtual-por-distrito-diagonal-asi-sera-el-esperado-primer-shopping-de-la-plata\/\" tabindex=\"-1\" >\n\t\t\t<div class=\"elementor-post__thumbnail\"><img loading=\"lazy\" decoding=\"async\" width=\"300\" height=\"169\" src=\"https:\/\/larealidaddelaplata.com.ar\/wp-content\/uploads\/2026\/08\/render-distrito-diagonal-3-300x169.webp\" class=\"attachment-medium size-medium wp-image-43549\" alt=\"\" \/><\/div>\n\t\t<\/a>\n\t\t\t\t<div class=\"elementor-post__text\">\n\t\t\t\t<h3 class=\"elementor-post__title\">\n\t\t\t<a href=\"https:\/\/larealidaddelaplata.com.ar\/index.php\/2026\/08\/26\/un-recorrido-virtual-por-distrito-diagonal-asi-sera-el-esperado-primer-shopping-de-la-plata\/\" >\n\t\t\t\tUn recorrido virtual por Distrito Diagonal: as\u00ed ser\u00e1 el esperado primer shopping de La Plata\t\t\t<\/a>\n\t\t<\/h3>\n\t\t\t\t<div class=\"elementor-post__meta-data\">\n\t\t\t\t\t<span class=\"elementor-post-date\">\n\t\t\t26 agosto, 2026\t\t<\/span>\n\t\t\t\t<\/div>\n\t\t\t\t<\/div>\n\t\t\t\t<\/article>\n\t\t\t\t<article class=\"elementor-post elementor-grid-item post-43545 post type-post status-publish format-standard has-post-thumbnail hentry category-provincia\" role=\"listitem\">\n\t\t\t\t<a class=\"elementor-post__thumbnail__link\" href=\"https:\/\/larealidaddelaplata.com.ar\/index.php\/2026\/08\/26\/la-plata-se-prepara-para-recibir-el-encuentro-de-juventudes-mas-grande-del-pais\/\" tabindex=\"-1\" >\n\t\t\t<div class=\"elementor-post__thumbnail\"><img loading=\"lazy\" decoding=\"async\" width=\"300\" height=\"150\" src=\"https:\/\/larealidaddelaplata.com.ar\/wp-content\/uploads\/2026\/08\/1824608499647407861-300x150.jpeg\" class=\"attachment-medium size-medium wp-image-43546\" alt=\"\" \/><\/div>\n\t\t<\/a>\n\t\t\t\t<div class=\"elementor-post__text\">\n\t\t\t\t<h3 class=\"elementor-post__title\">\n\t\t\t<a href=\"https:\/\/larealidaddelaplata.com.ar\/index.php\/2026\/08\/26\/la-plata-se-prepara-para-recibir-el-encuentro-de-juventudes-mas-grande-del-pais\/\" >\n\t\t\t\tLa Plata se prepara para recibir el encuentro de juventudes m\u00e1s grande del pa\u00eds\t\t\t<\/a>\n\t\t<\/h3>\n\t\t\t\t<div class=\"elementor-post__meta-data\">\n\t\t\t\t\t<span class=\"elementor-post-date\">\n\t\t\t26 agosto, 2026\t\t<\/span>\n\t\t\t\t<\/div>\n\t\t\t\t<\/div>\n\t\t\t\t<\/article>\n\t\t\t\t<\/div>\n\t\t\n\t\t\t\t<div class=\"e-load-more-anchor\" data-page=\"1\" data-max-page=\"174\" data-next-page=\"https:\/\/larealidaddelaplata.com.ar\/index.php\/wp-json\/wp\/v2\/pages\/5719\/page\/2\/\"><\/div>\n\t\t\t\t<nav class=\"elementor-pagination\" aria-label=\"Pagination\">\n\t\t\t<span class=\"page-numbers prev\">&laquo; Antes<\/span>\n<span aria-current=\"page\" class=\"page-numbers current\"><span class=\"elementor-screen-only\">Page<\/span>1<\/span>\n<a class=\"page-numbers\" href=\"https:\/\/larealidaddelaplata.com.ar\/index.php\/wp-json\/wp\/v2\/pages\/5719\/page\/2\/\"><span class=\"elementor-screen-only\">Page<\/span>2<\/a>\n<a class=\"page-numbers\" href=\"https:\/\/larealidaddelaplata.com.ar\/index.php\/wp-json\/wp\/v2\/pages\/5719\/page\/3\/\"><span class=\"elementor-screen-only\">Page<\/span>3<\/a>\n<span class=\"page-numbers dots\">&hellip;<\/span>\n<a class=\"page-numbers\" href=\"https:\/\/larealidaddelaplata.com.ar\/index.php\/wp-json\/wp\/v2\/pages\/5719\/page\/174\/\"><span class=\"elementor-screen-only\">Page<\/span>174<\/a>\n<a class=\"page-numbers next\" href=\"https:\/\/larealidaddelaplata.com.ar\/index.php\/wp-json\/wp\/v2\/pages\/5719\/page\/2\/\">Despu\u00e9s &raquo;<\/a>\t\t<\/nav>\n\t\t\t\t\t\t<\/div>\n\t\t\t\t<\/div>\n\t\t\t\t\t<\/div>\n\t\t<\/div>\n\t\t\t\t\t<\/div>\n\t\t<\/section>\n\t\t\t\t<\/div>\n\t\t","protected":false},"excerpt":{"rendered":"<p>BUENOS AIRES<\/p>\n","protected":false},"author":1,"featured_media":0,"parent":0,"menu_order":0,"comment_status":"closed","ping_status":"closed","template":"elementor_header_footer","meta":{"_acf_changed":false,"footnotes":""},"class_list":["post-5719","page","type-page","status-publish","hentry"],"acf":[],"aioseo_notices":[],"aioseo_head":"\n\t\t<!-- All in One SEO 5.0.1.1 - aioseo.com -->\n\t<meta name=\"description\" content=\"Por primera vez, La Plata ser\u00e1 sede del Congreso Federal e Internacional de Juventudes, que tendr\u00e1 lugar los d\u00edas 14 y 15 de septiembre en el Centro Municipal de las Artes Pasaje Dardo Rocha. Se trata de la tercera edici\u00f3n del evento, que reunir\u00e1 a directores y responsables de \u00e1reas de juventud de diferentes provincias,\" \/>\n\t<meta name=\"robots\" content=\"max-snippet:-1, max-image-preview:large, max-video-preview:-1\" \/>\n\t<link rel=\"canonical\" href=\"https:\/\/larealidaddelaplata.com.ar\/index.php\/2026\/08\/26\/la-plata-se-prepara-para-recibir-el-encuentro-de-juventudes-mas-grande-del-pais\/\" \/>\n\t<meta name=\"generator\" content=\"All in One SEO (AIOSEO) 5.0.1.1\" \/>\n\t\t<script type=\"application\/ld+json\" class=\"aioseo-schema\">\n\t\t\t{\"@context\":\"https:\\\/\\\/schema.org\",\"@graph\":[{\"@type\":\"Article\",\"@id\":\"https:\\\/\\\/larealidaddelaplata.com.ar\\\/index.php\\\/2026\\\/08\\\/26\\\/la-plata-se-prepara-para-recibir-el-encuentro-de-juventudes-mas-grande-del-pais\\\/#article\",\"name\":\"La Plata se prepara para recibir el encuentro de juventudes m\\u00e1s grande del pa\\u00eds | larealidaddelaplata.com.ar\",\"headline\":\"La Plata se prepara para recibir el encuentro de juventudes m\\u00e1s grande del pa\\u00eds\",\"author\":{\"@id\":\"https:\\\/\\\/larealidaddelaplata.com.ar\\\/index.php\\\/author\\\/julian_ibarrola\\\/#author\"},\"publisher\":{\"@id\":\"https:\\\/\\\/larealidaddelaplata.com.ar\\\/#organization\"},\"image\":{\"@type\":\"ImageObject\",\"url\":\"https:\\\/\\\/larealidaddelaplata.com.ar\\\/wp-content\\\/uploads\\\/2026\\\/08\\\/1824608499647407861-e1787755243328.jpeg\",\"width\":800,\"height\":400},\"datePublished\":\"2026-08-26T11:41:26-03:00\",\"dateModified\":\"2026-08-26T11:41:28-03:00\",\"inLanguage\":\"es-AR\",\"mainEntityOfPage\":{\"@id\":\"https:\\\/\\\/larealidaddelaplata.com.ar\\\/index.php\\\/2026\\\/08\\\/26\\\/la-plata-se-prepara-para-recibir-el-encuentro-de-juventudes-mas-grande-del-pais\\\/#webpage\"},\"isPartOf\":{\"@id\":\"https:\\\/\\\/larealidaddelaplata.com.ar\\\/index.php\\\/2026\\\/08\\\/26\\\/la-plata-se-prepara-para-recibir-el-encuentro-de-juventudes-mas-grande-del-pais\\\/#webpage\"},\"articleSection\":\"Provincia\"},{\"@type\":\"BreadcrumbList\",\"@id\":\"https:\\\/\\\/larealidaddelaplata.com.ar\\\/index.php\\\/2026\\\/08\\\/26\\\/la-plata-se-prepara-para-recibir-el-encuentro-de-juventudes-mas-grande-del-pais\\\/#breadcrumblist\",\"itemListElement\":[{\"@type\":\"ListItem\",\"@id\":\"https:\\\/\\\/larealidaddelaplata.com.ar#listItem\",\"position\":1,\"name\":\"Home\",\"item\":\"https:\\\/\\\/larealidaddelaplata.com.ar\",\"nextItem\":{\"@type\":\"ListItem\",\"@id\":\"https:\\\/\\\/larealidaddelaplata.com.ar\\\/index.php\\\/provincia\\\/#listItem\",\"name\":\"Provincia\"}},{\"@type\":\"ListItem\",\"@id\":\"https:\\\/\\\/larealidaddelaplata.com.ar\\\/index.php\\\/provincia\\\/#listItem\",\"position\":2,\"name\":\"Provincia\",\"previousItem\":{\"@type\":\"ListItem\",\"@id\":\"https:\\\/\\\/larealidaddelaplata.com.ar#listItem\",\"name\":\"Home\"}}]},{\"@type\":\"Organization\",\"@id\":\"https:\\\/\\\/larealidaddelaplata.com.ar\\\/#organization\",\"name\":\"La Realidad de La Plata\",\"description\":\"Tu portal de noticias sobre la realidad la Provincia de Buenos Aires y La Plata\",\"url\":\"https:\\\/\\\/larealidaddelaplata.com.ar\\\/\",\"logo\":{\"@type\":\"ImageObject\",\"url\":\"https:\\\/\\\/larealidaddelaplata.com.ar\\\/wp-content\\\/uploads\\\/2021\\\/01\\\/cropped-Diseno-sin-titulo-1-1.png\",\"@id\":\"https:\\\/\\\/larealidaddelaplata.com.ar\\\/index.php\\\/2026\\\/08\\\/26\\\/la-plata-se-prepara-para-recibir-el-encuentro-de-juventudes-mas-grande-del-pais\\\/#organizationLogo\",\"width\":1920,\"height\":355},\"image\":{\"@id\":\"https:\\\/\\\/larealidaddelaplata.com.ar\\\/index.php\\\/2026\\\/08\\\/26\\\/la-plata-se-prepara-para-recibir-el-encuentro-de-juventudes-mas-grande-del-pais\\\/#organizationLogo\"}},{\"@type\":\"Person\",\"@id\":\"https:\\\/\\\/larealidaddelaplata.com.ar\\\/index.php\\\/author\\\/julian_ibarrola\\\/#author\",\"url\":\"https:\\\/\\\/larealidaddelaplata.com.ar\\\/index.php\\\/author\\\/julian_ibarrola\\\/\",\"name\":\"Julian I\",\"image\":{\"@type\":\"ImageObject\",\"@id\":\"https:\\\/\\\/larealidaddelaplata.com.ar\\\/index.php\\\/2026\\\/08\\\/26\\\/la-plata-se-prepara-para-recibir-el-encuentro-de-juventudes-mas-grande-del-pais\\\/#authorImage\",\"url\":\"https:\\\/\\\/secure.gravatar.com\\\/avatar\\\/7771209082b3e5bb400c4977362cbab150b08c7199fffcd6a227c0b2fbe17c9c?s=96&d=mm&r=g\",\"width\":96,\"height\":96,\"caption\":\"Julian I\"}},{\"@type\":\"WebPage\",\"@id\":\"https:\\\/\\\/larealidaddelaplata.com.ar\\\/index.php\\\/2026\\\/08\\\/26\\\/la-plata-se-prepara-para-recibir-el-encuentro-de-juventudes-mas-grande-del-pais\\\/#webpage\",\"url\":\"https:\\\/\\\/larealidaddelaplata.com.ar\\\/index.php\\\/2026\\\/08\\\/26\\\/la-plata-se-prepara-para-recibir-el-encuentro-de-juventudes-mas-grande-del-pais\\\/\",\"name\":\"La Plata se prepara para recibir el encuentro de juventudes m\\u00e1s grande del pa\\u00eds | larealidaddelaplata.com.ar\",\"description\":\"Por primera vez, La Plata ser\\u00e1 sede del Congreso Federal e Internacional de Juventudes, que tendr\\u00e1 lugar los d\\u00edas 14 y 15 de septiembre en el Centro Municipal de las Artes Pasaje Dardo Rocha. Se trata de la tercera edici\\u00f3n del evento, que reunir\\u00e1 a directores y responsables de \\u00e1reas de juventud de diferentes provincias,\",\"inLanguage\":\"es-AR\",\"isPartOf\":{\"@id\":\"https:\\\/\\\/larealidaddelaplata.com.ar\\\/#website\"},\"breadcrumb\":{\"@id\":\"https:\\\/\\\/larealidaddelaplata.com.ar\\\/index.php\\\/2026\\\/08\\\/26\\\/la-plata-se-prepara-para-recibir-el-encuentro-de-juventudes-mas-grande-del-pais\\\/#breadcrumblist\"},\"author\":{\"@id\":\"https:\\\/\\\/larealidaddelaplata.com.ar\\\/index.php\\\/author\\\/julian_ibarrola\\\/#author\"},\"creator\":{\"@id\":\"https:\\\/\\\/larealidaddelaplata.com.ar\\\/index.php\\\/author\\\/julian_ibarrola\\\/#author\"},\"image\":{\"@type\":\"ImageObject\",\"url\":\"https:\\\/\\\/larealidaddelaplata.com.ar\\\/wp-content\\\/uploads\\\/2026\\\/08\\\/1824608499647407861-e1787755243328.jpeg\",\"@id\":\"https:\\\/\\\/larealidaddelaplata.com.ar\\\/index.php\\\/2026\\\/08\\\/26\\\/la-plata-se-prepara-para-recibir-el-encuentro-de-juventudes-mas-grande-del-pais\\\/#mainImage\",\"width\":800,\"height\":400},\"primaryImageOfPage\":{\"@id\":\"https:\\\/\\\/larealidaddelaplata.com.ar\\\/index.php\\\/2026\\\/08\\\/26\\\/la-plata-se-prepara-para-recibir-el-encuentro-de-juventudes-mas-grande-del-pais\\\/#mainImage\"},\"datePublished\":\"2026-08-26T11:41:26-03:00\",\"dateModified\":\"2026-08-26T11:41:28-03:00\"},{\"@type\":\"WebSite\",\"@id\":\"https:\\\/\\\/larealidaddelaplata.com.ar\\\/#website\",\"url\":\"https:\\\/\\\/larealidaddelaplata.com.ar\\\/\",\"name\":\"La Realidad de La Plata\",\"description\":\"Tu portal de noticias sobre la realidad la Provincia de Buenos Aires y La Plata\",\"inLanguage\":\"es-AR\",\"publisher\":{\"@id\":\"https:\\\/\\\/larealidaddelaplata.com.ar\\\/#organization\"}}]}\n\t\t<\/script>\n\t\t<!-- All in One SEO -->\n\n","aioseo_head_json":{"title":"La Plata se prepara para recibir el encuentro de juventudes m\u00e1s grande del pa\u00eds | larealidaddelaplata.com.ar","description":"Por primera vez, La Plata ser\u00e1 sede del Congreso Federal e Internacional de Juventudes, que tendr\u00e1 lugar los d\u00edas 14 y 15 de septiembre en el Centro Municipal de las Artes Pasaje Dardo Rocha. Se trata de la tercera edici\u00f3n del evento, que reunir\u00e1 a directores y responsables de \u00e1reas de juventud de diferentes provincias,","canonical_url":"https:\/\/larealidaddelaplata.com.ar\/index.php\/2026\/08\/26\/la-plata-se-prepara-para-recibir-el-encuentro-de-juventudes-mas-grande-del-pais\/","robots":"max-snippet:-1, max-image-preview:large, max-video-preview:-1","keywords":"","webmasterTools":{"miscellaneous":""},"schema":{"@context":"https:\/\/schema.org","@graph":[{"@type":"Article","@id":"https:\/\/larealidaddelaplata.com.ar\/index.php\/2026\/08\/26\/la-plata-se-prepara-para-recibir-el-encuentro-de-juventudes-mas-grande-del-pais\/#article","name":"La Plata se prepara para recibir el encuentro de juventudes m\u00e1s grande del pa\u00eds | larealidaddelaplata.com.ar","headline":"La Plata se prepara para recibir el encuentro de juventudes m\u00e1s grande del pa\u00eds","author":{"@id":"https:\/\/larealidaddelaplata.com.ar\/index.php\/author\/julian_ibarrola\/#author"},"publisher":{"@id":"https:\/\/larealidaddelaplata.com.ar\/#organization"},"image":{"@type":"ImageObject","url":"https:\/\/larealidaddelaplata.com.ar\/wp-content\/uploads\/2026\/08\/1824608499647407861-e1787755243328.jpeg","width":800,"height":400},"datePublished":"2026-08-26T11:41:26-03:00","dateModified":"2026-08-26T11:41:28-03:00","inLanguage":"es-AR","mainEntityOfPage":{"@id":"https:\/\/larealidaddelaplata.com.ar\/index.php\/2026\/08\/26\/la-plata-se-prepara-para-recibir-el-encuentro-de-juventudes-mas-grande-del-pais\/#webpage"},"isPartOf":{"@id":"https:\/\/larealidaddelaplata.com.ar\/index.php\/2026\/08\/26\/la-plata-se-prepara-para-recibir-el-encuentro-de-juventudes-mas-grande-del-pais\/#webpage"},"articleSection":"Provincia"},{"@type":"BreadcrumbList","@id":"https:\/\/larealidaddelaplata.com.ar\/index.php\/2026\/08\/26\/la-plata-se-prepara-para-recibir-el-encuentro-de-juventudes-mas-grande-del-pais\/#breadcrumblist","itemListElement":[{"@type":"ListItem","@id":"https:\/\/larealidaddelaplata.com.ar#listItem","position":1,"name":"Home","item":"https:\/\/larealidaddelaplata.com.ar","nextItem":{"@type":"ListItem","@id":"https:\/\/larealidaddelaplata.com.ar\/index.php\/provincia\/#listItem","name":"Provincia"}},{"@type":"ListItem","@id":"https:\/\/larealidaddelaplata.com.ar\/index.php\/provincia\/#listItem","position":2,"name":"Provincia","previousItem":{"@type":"ListItem","@id":"https:\/\/larealidaddelaplata.com.ar#listItem","name":"Home"}}]},{"@type":"Organization","@id":"https:\/\/larealidaddelaplata.com.ar\/#organization","name":"La Realidad de La Plata","description":"Tu portal de noticias sobre la realidad la Provincia de Buenos Aires y La Plata","url":"https:\/\/larealidaddelaplata.com.ar\/","logo":{"@type":"ImageObject","url":"https:\/\/larealidaddelaplata.com.ar\/wp-content\/uploads\/2021\/01\/cropped-Diseno-sin-titulo-1-1.png","@id":"https:\/\/larealidaddelaplata.com.ar\/index.php\/2026\/08\/26\/la-plata-se-prepara-para-recibir-el-encuentro-de-juventudes-mas-grande-del-pais\/#organizationLogo","width":1920,"height":355},"image":{"@id":"https:\/\/larealidaddelaplata.com.ar\/index.php\/2026\/08\/26\/la-plata-se-prepara-para-recibir-el-encuentro-de-juventudes-mas-grande-del-pais\/#organizationLogo"}},{"@type":"Person","@id":"https:\/\/larealidaddelaplata.com.ar\/index.php\/author\/julian_ibarrola\/#author","url":"https:\/\/larealidaddelaplata.com.ar\/index.php\/author\/julian_ibarrola\/","name":"Julian I","image":{"@type":"ImageObject","@id":"https:\/\/larealidaddelaplata.com.ar\/index.php\/2026\/08\/26\/la-plata-se-prepara-para-recibir-el-encuentro-de-juventudes-mas-grande-del-pais\/#authorImage","url":"https:\/\/secure.gravatar.com\/avatar\/7771209082b3e5bb400c4977362cbab150b08c7199fffcd6a227c0b2fbe17c9c?s=96&d=mm&r=g","width":96,"height":96,"caption":"Julian I"}},{"@type":"WebPage","@id":"https:\/\/larealidaddelaplata.com.ar\/index.php\/2026\/08\/26\/la-plata-se-prepara-para-recibir-el-encuentro-de-juventudes-mas-grande-del-pais\/#webpage","url":"https:\/\/larealidaddelaplata.com.ar\/index.php\/2026\/08\/26\/la-plata-se-prepara-para-recibir-el-encuentro-de-juventudes-mas-grande-del-pais\/","name":"La Plata se prepara para recibir el encuentro de juventudes m\u00e1s grande del pa\u00eds | larealidaddelaplata.com.ar","description":"Por primera vez, La Plata ser\u00e1 sede del Congreso Federal e Internacional de Juventudes, que tendr\u00e1 lugar los d\u00edas 14 y 15 de septiembre en el Centro Municipal de las Artes Pasaje Dardo Rocha. Se trata de la tercera edici\u00f3n del evento, que reunir\u00e1 a directores y responsables de \u00e1reas de juventud de diferentes provincias,","inLanguage":"es-AR","isPartOf":{"@id":"https:\/\/larealidaddelaplata.com.ar\/#website"},"breadcrumb":{"@id":"https:\/\/larealidaddelaplata.com.ar\/index.php\/2026\/08\/26\/la-plata-se-prepara-para-recibir-el-encuentro-de-juventudes-mas-grande-del-pais\/#breadcrumblist"},"author":{"@id":"https:\/\/larealidaddelaplata.com.ar\/index.php\/author\/julian_ibarrola\/#author"},"creator":{"@id":"https:\/\/larealidaddelaplata.com.ar\/index.php\/author\/julian_ibarrola\/#author"},"image":{"@type":"ImageObject","url":"https:\/\/larealidaddelaplata.com.ar\/wp-content\/uploads\/2026\/08\/1824608499647407861-e1787755243328.jpeg","@id":"https:\/\/larealidaddelaplata.com.ar\/index.php\/2026\/08\/26\/la-plata-se-prepara-para-recibir-el-encuentro-de-juventudes-mas-grande-del-pais\/#mainImage","width":800,"height":400},"primaryImageOfPage":{"@id":"https:\/\/larealidaddelaplata.com.ar\/index.php\/2026\/08\/26\/la-plata-se-prepara-para-recibir-el-encuentro-de-juventudes-mas-grande-del-pais\/#mainImage"},"datePublished":"2026-08-26T11:41:26-03:00","dateModified":"2026-08-26T11:41:28-03:00"},{"@type":"WebSite","@id":"https:\/\/larealidaddelaplata.com.ar\/#website","url":"https:\/\/larealidaddelaplata.com.ar\/","name":"La Realidad de La Plata","description":"Tu portal de noticias sobre la realidad la Provincia de Buenos Aires y La Plata","inLanguage":"es-AR","publisher":{"@id":"https:\/\/larealidaddelaplata.com.ar\/#organization"}}]}},"aioseo_meta_data":{"post_id":"5719","title":null,"description":null,"keywords":null,"keyphrases":null,"primary_term":null,"canonical_url":null,"og_title":null,"og_description":null,"og_object_type":"default","og_image_type":"default","og_image_url":null,"og_image_width":null,"og_image_height":null,"og_image_custom_url":null,"og_image_custom_fields":null,"og_video":null,"og_custom_url":null,"og_article_section":null,"og_article_tags":null,"twitter_use_og":false,"twitter_card":"default","twitter_image_type":"default","twitter_image_url":null,"twitter_image_custom_url":null,"twitter_image_custom_fields":null,"twitter_title":null,"twitter_description":null,"schema":{"blockGraphs":[],"customGraphs":[],"default":{"data":{"Article":[],"Course":[],"Dataset":[],"FAQPage":[],"Movie":[],"Person":[],"Product":[],"ProductReview":[],"Car":[],"Recipe":[],"Service":[],"SoftwareApplication":[],"WebPage":[]},"graphName":"WebPage","isEnabled":true},"graphs":[]},"schema_type":null,"schema_type_options":null,"pillar_content":false,"robots_default":true,"robots_noindex":false,"robots_noarchive":false,"robots_nosnippet":false,"robots_nofollow":false,"robots_noimageindex":false,"robots_noodp":false,"robots_notranslate":false,"robots_max_snippet":null,"robots_max_videopreview":null,"robots_max_imagepreview":"large","priority":null,"frequency":null,"location":null,"local_seo":null,"breadcrumb_settings":null,"limit_modified_date":false,"ai":null,"created":"2021-04-09 13:35:01","updated":"2022-12-20 17:38:09","seo_analyzer_scan_date":null,"focus_keyword":null,"additional_keywords":null,"truseo_locale":null},"_links":{"self":[{"href":"https:\/\/larealidaddelaplata.com.ar\/index.php\/wp-json\/wp\/v2\/pages\/5719","targetHints":{"allow":["GET"]}}],"collection":[{"href":"https:\/\/larealidaddelaplata.com.ar\/index.php\/wp-json\/wp\/v2\/pages"}],"about":[{"href":"https:\/\/larealidaddelaplata.com.ar\/index.php\/wp-json\/wp\/v2\/types\/page"}],"author":[{"embeddable":true,"href":"https:\/\/larealidaddelaplata.com.ar\/index.php\/wp-json\/wp\/v2\/users\/1"}],"replies":[{"embeddable":true,"href":"https:\/\/larealidaddelaplata.com.ar\/index.php\/wp-json\/wp\/v2\/comments?post=5719"}],"version-history":[{"count":3,"href":"https:\/\/larealidaddelaplata.com.ar\/index.php\/wp-json\/wp\/v2\/pages\/5719\/revisions"}],"predecessor-version":[{"id":24464,"href":"https:\/\/larealidaddelaplata.com.ar\/index.php\/wp-json\/wp\/v2\/pages\/5719\/revisions\/24464"}],"wp:attachment":[{"href":"https:\/\/larealidaddelaplata.com.ar\/index.php\/wp-json\/wp\/v2\/media?parent=5719"}],"curies":[{"name":"wp","href":"https:\/\/api.w.org\/{rel}","templated":true}]}}